{"id":101,"date":"2023-11-24T09:01:00","date_gmt":"2023-11-24T08:01:00","guid":{"rendered":"https:\/\/www.lespetitsbaroudeurs.com\/evenements\/?page_id=101"},"modified":"2026-03-31T11:01:51","modified_gmt":"2026-03-31T09:01:51","slug":"festival-chambery-montagnes","status":"publish","type":"page","link":"https:\/\/www.lespetitsbaroudeurs.com\/evenements\/festival-chambery-montagnes\/","title":{"rendered":"Festival Chamb\u00e9ry Montagnes"},"content":{"rendered":"<p>[et_pb_section fb_built=\u00a0\u00bb1&Prime; custom_padding_last_edited=\u00a0\u00bbon|phone\u00a0\u00bb disabled_on=\u00a0\u00bboff|off|off\u00a0\u00bb admin_label=\u00a0\u00bbHero video + titre + dates\u00a0\u00bb _builder_version=\u00a0\u00bb4.23.2&Prime; _module_preset=\u00a0\u00bbdefault\u00a0\u00bb background_color=\u00a0\u00bbRGBA(255,255,255,0)\u00a0\u00bb background_video_mp4=\u00a0\u00bbhttps:\/\/www.lespetitsbaroudeurs.com\/evenements\/wp-content\/uploads\/2023\/12\/festival-montagne-xxlight.mp4&Prime; min_height=\u00a0\u00bb750px\u00a0\u00bb min_height_tablet=\u00a0\u00bb887.2px\u00a0\u00bb min_height_phone=\u00a0\u00bb400px\u00a0\u00bb min_height_last_edited=\u00a0\u00bbon|phone\u00a0\u00bb custom_padding=\u00a0\u00bb170px||||false|false\u00a0\u00bb custom_padding_tablet=\u00a0\u00bb250px||||false|false\u00a0\u00bb custom_padding_phone=\u00a0\u00bb50px||||false|false\u00a0\u00bb bottom_divider_style=\u00a0\u00bbgraph3&Prime; bottom_divider_color=\u00a0\u00bb#FFFFFF\u00a0\u00bb background_last_edited=\u00a0\u00bboff|phone\u00a0\u00bb global_colors_info=\u00a0\u00bb{}\u00a0\u00bb][et_pb_row _builder_version=\u00a0\u00bb4.23.1&Prime; _module_preset=\u00a0\u00bbdefault\u00a0\u00bb background_color=\u00a0\u00bbRGBA(255,255,255,0)\u00a0\u00bb global_colors_info=\u00a0\u00bb{}\u00a0\u00bb][et_pb_column type=\u00a0\u00bb4_4&Prime; _builder_version=\u00a0\u00bb4.23.1&Prime; _module_preset=\u00a0\u00bbdefault\u00a0\u00bb global_colors_info=\u00a0\u00bb{}\u00a0\u00bb][et_pb_text _builder_version=\u00a0\u00bb4.27.2&Prime; _module_preset=\u00a0\u00bbdefault\u00a0\u00bb header_text_color=\u00a0\u00bb#FFFFFF\u00a0\u00bb header_font_size=\u00a0\u00bb96px\u00a0\u00bb header_line_height=\u00a0\u00bb1.1em\u00a0\u00bb background_color=\u00a0\u00bbRGBA(255,255,255,0)\u00a0\u00bb custom_margin=\u00a0\u00bb||0px||false|false\u00a0\u00bb text_font_size_tablet=\u00a0\u00bb\u00a0\u00bb text_font_size_phone=\u00a0\u00bb\u00a0\u00bb text_font_size_last_edited=\u00a0\u00bbon|phone\u00a0\u00bb header_font_size_tablet=\u00a0\u00bb96px\u00a0\u00bb header_font_size_phone=\u00a0\u00bb43px\u00a0\u00bb header_font_size_last_edited=\u00a0\u00bbon|phone\u00a0\u00bb header_text_shadow_style=\u00a0\u00bbpreset3&Prime; global_colors_info=\u00a0\u00bb{}\u00a0\u00bb]<\/p>\n<h1 style=\"text-align: center;\">Festival les petits baroudeurs<br \/>Chamb\u00e9ry montagneS<\/h1>\n<p>[\/et_pb_text][et_pb_text _builder_version=\u00a0\u00bb4.27.2&Prime; _module_preset=\u00a0\u00bbdefault\u00a0\u00bb text_text_color=\u00a0\u00bb#FFFFFF\u00a0\u00bb text_font_size=\u00a0\u00bb45px\u00a0\u00bb text_font_size_tablet=\u00a0\u00bb45px\u00a0\u00bb text_font_size_phone=\u00a0\u00bb30px\u00a0\u00bb text_font_size_last_edited=\u00a0\u00bbon|phone\u00a0\u00bb global_colors_info=\u00a0\u00bb{}\u00a0\u00bb]<\/p>\n<p style=\"text-align: center;\">du 4 au 6 juillet 2026<\/p>\n<p>[\/et_pb_text][et_pb_button button_url=\u00a0\u00bbhttps:\/\/www.lespetitsbaroudeurs.com\/evenements\/montagne-tarifs-reservations\/\u00a0\u00bb button_text=\u00a0\u00bbJe m&rsquo;inscris\u00a0\u00bb button_alignment=\u00a0\u00bbcenter\u00a0\u00bb disabled_on=\u00a0\u00bboff|off|off\u00a0\u00bb admin_label=\u00a0\u00bbBouton s&rsquo;inscrire\u00a0\u00bb _builder_version=\u00a0\u00bb4.27.3&Prime; _module_preset=\u00a0\u00bbdefault\u00a0\u00bb button_text_color=\u00a0\u00bb#FFFFFF\u00a0\u00bb button_bg_color=\u00a0\u00bb#C66D44&Prime; button_border_width=\u00a0\u00bb2px\u00a0\u00bb button_border_radius=\u00a0\u00bb0px\u00a0\u00bb button_use_icon=\u00a0\u00bbon\u00a0\u00bb button_icon=\u00a0\u00bb&#x39;||divi||400&Prime; button_icon_color=\u00a0\u00bb#FFFFFF\u00a0\u00bb button_on_hover=\u00a0\u00bboff\u00a0\u00bb custom_margin=\u00a0\u00bb10px||||false|false\u00a0\u00bb global_module=\u00a0\u00bb7510&Prime; saved_tabs=\u00a0\u00bball\u00a0\u00bb global_colors_info=\u00a0\u00bb{}\u00a0\u00bb button_text_color__hover_enabled=\u00a0\u00bbon|hover\u00a0\u00bb button_text_color__hover=\u00a0\u00bb#C66D44&Prime; button_bg_color__hover_enabled=\u00a0\u00bbon|desktop\u00a0\u00bb button_bg_color__hover=\u00a0\u00bb#FFFFFF\u00a0\u00bb button_bg_enable_color__hover=\u00a0\u00bbon\u00a0\u00bb button_border_width__hover_enabled=\u00a0\u00bbon|hover\u00a0\u00bb button_border_color__hover_enabled=\u00a0\u00bbon|hover\u00a0\u00bb button_border_color__hover=\u00a0\u00bb#C66D44&Prime; button_border_width__hover=\u00a0\u00bb2px\u00a0\u00bb][\/et_pb_button][\/et_pb_column][\/et_pb_row][\/et_pb_section][et_pb_section fb_built=\u00a0\u00bb1&Prime; admin_label=\u00a0\u00bbFLPB CM Intro + 5 bonnes raisons\u00a0\u00bb _builder_version=\u00a0\u00bb4.23.1&Prime; _module_preset=\u00a0\u00bbdefault\u00a0\u00bb background_enable_image=\u00a0\u00bboff\u00a0\u00bb custom_padding=\u00a0\u00bb20px||20px||false|false\u00a0\u00bb global_colors_info=\u00a0\u00bb{}\u00a0\u00bb][et_pb_row admin_label=\u00a0\u00bbIntro\u00a0\u00bb _builder_version=\u00a0\u00bb4.23.1&Prime; _module_preset=\u00a0\u00bbdefault\u00a0\u00bb global_colors_info=\u00a0\u00bb{}\u00a0\u00bb][et_pb_column type=\u00a0\u00bb4_4&Prime; _builder_version=\u00a0\u00bb4.23.1&Prime; _module_preset=\u00a0\u00bbdefault\u00a0\u00bb global_colors_info=\u00a0\u00bb{}\u00a0\u00bb][et_pb_text _builder_version=\u00a0\u00bb4.23.1&Prime; _module_preset=\u00a0\u00bbdefault\u00a0\u00bb header_2_text_color=\u00a0\u00bb#C66D44&Prime; header_2_font_size=\u00a0\u00bb47px\u00a0\u00bb header_2_line_height=\u00a0\u00bb0.95em\u00a0\u00bb header_2_font_size_tablet=\u00a0\u00bb47px\u00a0\u00bb header_2_font_size_phone=\u00a0\u00bb32px\u00a0\u00bb header_2_font_size_last_edited=\u00a0\u00bbon|phone\u00a0\u00bb global_colors_info=\u00a0\u00bb{}\u00a0\u00bb]<\/p>\n<h2 style=\"text-align: center;\">L\u2019aventure en famille en pleine nature \u00e0 la montagne<\/h2>\n<p>[\/et_pb_text][et_pb_text _builder_version=\u00a0\u00bb4.27.3&Prime; _module_preset=\u00a0\u00bbdefault\u00a0\u00bb text_font_size=\u00a0\u00bb21px\u00a0\u00bb text_line_height=\u00a0\u00bb1.2em\u00a0\u00bb text_font_size_tablet=\u00a0\u00bb21px\u00a0\u00bb text_font_size_phone=\u00a0\u00bb17px\u00a0\u00bb text_font_size_last_edited=\u00a0\u00bbon|phone\u00a0\u00bb global_colors_info=\u00a0\u00bb{}\u00a0\u00bb]<\/p>\n<p style=\"text-align: center;\"><span><\/span>Les 3 premiers jours des vacances scolaires d&rsquo;\u00e9t\u00e9, on vous propose de s&rsquo;\u00e9vader en famille en Savoie.<br \/>Direction le plateau nordique de Saint-Fran\u00e7ois-de-Sales \u00e0 1200 m dans une for\u00eat d&rsquo;\u00e9pic\u00e9as au coeur du Parc Naturel R\u00e9gional du Massif des Bauges.<br \/>Au programme, une montagne d&rsquo;exp\u00e9riences comme la grimpe dans les arbres, rando avec des \u00e2nes ou des huskies, aqua-rando, via ferrata ou encore chant dans nature&#8230;<br \/>Les soir\u00e9es astronomie, ap\u00e9ro-fromages, r\u00e9cits d&rsquo;aventures et veill\u00e9es au coin du feu termineront la journ\u00e9e en beaut\u00e9.<br \/>Si on vous dit qu&rsquo;en plus il y aura des chamallows grill\u00e9s&#8230;<\/p>\n<p>[\/et_pb_text][et_pb_button button_url=\u00a0\u00bbhttps:\/\/www.lespetitsbaroudeurs.com\/evenements\/montagne-tarifs-reservations\/\u00a0\u00bb button_text=\u00a0\u00bbJe m&rsquo;inscris\u00a0\u00bb button_alignment=\u00a0\u00bbcenter\u00a0\u00bb disabled_on=\u00a0\u00bboff|off|off\u00a0\u00bb admin_label=\u00a0\u00bbBouton s&rsquo;inscrire\u00a0\u00bb _builder_version=\u00a0\u00bb4.27.3&Prime; _module_preset=\u00a0\u00bbdefault\u00a0\u00bb button_text_color=\u00a0\u00bb#FFFFFF\u00a0\u00bb button_bg_color=\u00a0\u00bb#C66D44&Prime; button_border_width=\u00a0\u00bb2px\u00a0\u00bb button_border_radius=\u00a0\u00bb0px\u00a0\u00bb button_use_icon=\u00a0\u00bbon\u00a0\u00bb button_icon=\u00a0\u00bb&#x39;||divi||400&Prime; button_icon_color=\u00a0\u00bb#FFFFFF\u00a0\u00bb button_on_hover=\u00a0\u00bboff\u00a0\u00bb custom_margin=\u00a0\u00bb10px||||false|false\u00a0\u00bb global_module=\u00a0\u00bb7510&Prime; saved_tabs=\u00a0\u00bball\u00a0\u00bb global_colors_info=\u00a0\u00bb{}\u00a0\u00bb button_text_color__hover_enabled=\u00a0\u00bbon|hover\u00a0\u00bb button_text_color__hover=\u00a0\u00bb#C66D44&Prime; button_bg_color__hover_enabled=\u00a0\u00bbon|desktop\u00a0\u00bb button_bg_color__hover=\u00a0\u00bb#FFFFFF\u00a0\u00bb button_bg_enable_color__hover=\u00a0\u00bbon\u00a0\u00bb button_border_width__hover_enabled=\u00a0\u00bbon|hover\u00a0\u00bb button_border_color__hover_enabled=\u00a0\u00bbon|hover\u00a0\u00bb button_border_color__hover=\u00a0\u00bb#C66D44&Prime; button_border_width__hover=\u00a0\u00bb2px\u00a0\u00bb][\/et_pb_button][\/et_pb_column][\/et_pb_row][et_pb_row column_structure=\u00a0\u00bb1_2,1_2&Prime; _builder_version=\u00a0\u00bb4.23.1&Prime; _module_preset=\u00a0\u00bbdefault\u00a0\u00bb custom_margin=\u00a0\u00bb0px||||false|false\u00a0\u00bb custom_padding=\u00a0\u00bb20px||||false|false\u00a0\u00bb global_colors_info=\u00a0\u00bb{}\u00a0\u00bb][et_pb_column type=\u00a0\u00bb1_2&Prime; admin_label=\u00a0\u00bbPhoto\u00a0\u00bb _builder_version=\u00a0\u00bb4.23.1&Prime; _module_preset=\u00a0\u00bbdefault\u00a0\u00bb global_colors_info=\u00a0\u00bb{}\u00a0\u00bb][et_pb_image src=\u00a0\u00bbhttps:\/\/www.lespetitsbaroudeurs.com\/evenements\/wp-content\/uploads\/2023\/12\/fillette-fleurs.jpg\u00a0\u00bb alt=\u00a0\u00bbfillette en train de ramasser des fleurs dans une for\u00eat de montagne\u00a0\u00bb title_text=\u00a0\u00bbfillette fleurs\u00a0\u00bb _builder_version=\u00a0\u00bb4.23.1&Prime; _module_preset=\u00a0\u00bbdefault\u00a0\u00bb global_colors_info=\u00a0\u00bb{}\u00a0\u00bb][\/et_pb_image][\/et_pb_column][et_pb_column type=\u00a0\u00bb1_2&Prime; admin_label=\u00a0\u00bbTexte\u00a0\u00bb _builder_version=\u00a0\u00bb4.23.1&Prime; _module_preset=\u00a0\u00bbdefault\u00a0\u00bb global_colors_info=\u00a0\u00bb{}\u00a0\u00bb][et_pb_text _builder_version=\u00a0\u00bb4.23.1&Prime; _module_preset=\u00a0\u00bbdefault\u00a0\u00bb text_line_height=\u00a0\u00bb1.5em\u00a0\u00bb header_3_text_color=\u00a0\u00bb#4D453F\u00a0\u00bb header_3_font_size=\u00a0\u00bb32px\u00a0\u00bb header_3_font_size_tablet=\u00a0\u00bb32px\u00a0\u00bb header_3_font_size_phone=\u00a0\u00bb25px\u00a0\u00bb header_3_font_size_last_edited=\u00a0\u00bbon|phone\u00a0\u00bb global_colors_info=\u00a0\u00bb{}\u00a0\u00bb]<\/p>\n<h3>5 bonnes raisons de participer<\/h3>\n<p><span>\u2b50\ufe0f Partager des moments magiques en famille<br \/>\ud83d\udc3b Faire plein d\u2019activit\u00e9s dehors ensemble<br \/>\ud83c\udf32 Apprendre sur la nature et sa pr\u00e9servation<br \/>\ud83d\ude01 \u00c9changer avec d\u2019autres tribus baroudeuses et se faire des copains<br \/>\u26fa\ufe0f Dormir dehors en montagne<\/span><\/p>\n<p>[\/et_pb_text][et_pb_button button_url=\u00a0\u00bbhttps:\/\/www.lespetitsbaroudeurs.com\/evenements\/montagne-tarifs-reservations\/\u00a0\u00bb button_text=\u00a0\u00bbJe m&rsquo;inscris\u00a0\u00bb button_alignment=\u00a0\u00bbleft\u00a0\u00bb disabled_on=\u00a0\u00bboff|off|off\u00a0\u00bb admin_label=\u00a0\u00bbrow\u00a0\u00bb _builder_version=\u00a0\u00bb4.23.4&Prime; _module_preset=\u00a0\u00bbdefault\u00a0\u00bb button_text_color=\u00a0\u00bb#FFFFFF\u00a0\u00bb button_bg_color=\u00a0\u00bb#C66D44&Prime; button_border_width=\u00a0\u00bb2px\u00a0\u00bb button_border_radius=\u00a0\u00bb0px\u00a0\u00bb button_use_icon=\u00a0\u00bbon\u00a0\u00bb button_icon=\u00a0\u00bb&#x39;||divi||400&Prime; button_icon_color=\u00a0\u00bb#FFFFFF\u00a0\u00bb button_on_hover=\u00a0\u00bboff\u00a0\u00bb custom_padding=\u00a0\u00bb|||\u00a0\u00bb saved_tabs=\u00a0\u00bball\u00a0\u00bb global_colors_info=\u00a0\u00bb{}\u00a0\u00bb button_text_color__hover_enabled=\u00a0\u00bbon|desktop\u00a0\u00bb button_text_color__hover=\u00a0\u00bb#C66D44&Prime; button_bg_color__hover_enabled=\u00a0\u00bbon|hover\u00a0\u00bb button_bg_color__hover=\u00a0\u00bb#FFFFFF\u00a0\u00bb button_bg_enable_color__hover=\u00a0\u00bbon\u00a0\u00bb button_border_color__hover_enabled=\u00a0\u00bbon|hover\u00a0\u00bb button_border_color__hover=\u00a0\u00bb#C66D44&Prime; button_icon_color__hover_enabled=\u00a0\u00bbon|hover\u00a0\u00bb button_icon_color__hover=\u00a0\u00bb#C66D44&Prime;][\/et_pb_button][\/et_pb_column][\/et_pb_row][\/et_pb_section][et_pb_section fb_built=\u00a0\u00bb1&Prime; prev_background_color=\u00a0\u00bb#ffffff\u00a0\u00bb next_background_color=\u00a0\u00bb#ffffff\u00a0\u00bb admin_label=\u00a0\u00bbFLPB CM Choix de l&rsquo;aventure\u00a0\u00bb _builder_version=\u00a0\u00bb4.23.1&Prime; _module_preset=\u00a0\u00bbdefault\u00a0\u00bb background_image=\u00a0\u00bbhttps:\/\/www.lespetitsbaroudeurs.com\/evenements\/wp-content\/uploads\/2023\/11\/BG-Doodles-1-1.jpg\u00a0\u00bb custom_margin=\u00a0\u00bb0px||||false|false\u00a0\u00bb custom_padding=\u00a0\u00bb50px||70px||false|false\u00a0\u00bb top_divider_style=\u00a0\u00bbgraph3&Prime; top_divider_flip=\u00a0\u00bbvertical\u00a0\u00bb bottom_divider_style=\u00a0\u00bbgraph\u00a0\u00bb global_colors_info=\u00a0\u00bb{}\u00a0\u00bb][et_pb_row admin_label=\u00a0\u00bbIntro aventures\u00a0\u00bb _builder_version=\u00a0\u00bb4.23.1&Prime; _module_preset=\u00a0\u00bbdefault\u00a0\u00bb global_colors_info=\u00a0\u00bb{}\u00a0\u00bb][et_pb_column type=\u00a0\u00bb4_4&Prime; _builder_version=\u00a0\u00bb4.23.1&Prime; _module_preset=\u00a0\u00bbdefault\u00a0\u00bb global_colors_info=\u00a0\u00bb{}\u00a0\u00bb][et_pb_text _builder_version=\u00a0\u00bb4.23.1&Prime; _module_preset=\u00a0\u00bbdefault\u00a0\u00bb header_2_text_color=\u00a0\u00bb#C66D44&Prime; header_2_font_size=\u00a0\u00bb47px\u00a0\u00bb header_2_line_height=\u00a0\u00bb0.95em\u00a0\u00bb custom_margin_tablet=\u00a0\u00bb\u00a0\u00bb custom_margin_phone=\u00a0\u00bb30px||0px||false|false\u00a0\u00bb custom_margin_last_edited=\u00a0\u00bbon|phone\u00a0\u00bb header_2_font_size_tablet=\u00a0\u00bb47px\u00a0\u00bb header_2_font_size_phone=\u00a0\u00bb32px\u00a0\u00bb header_2_font_size_last_edited=\u00a0\u00bbon|phone\u00a0\u00bb global_colors_info=\u00a0\u00bb{}\u00a0\u00bb]<\/p>\n<h2 style=\"text-align: center;\">A chacun son festival : long week-end, \u00e0 la journ\u00e9e ou en soir\u00e9e<\/h2>\n<p>[\/et_pb_text][et_pb_text _builder_version=\u00a0\u00bb4.23.1&Prime; _module_preset=\u00a0\u00bbdefault\u00a0\u00bb text_font_size=\u00a0\u00bb21px\u00a0\u00bb text_line_height=\u00a0\u00bb1.2em\u00a0\u00bb custom_margin_tablet=\u00a0\u00bb\u00a0\u00bb custom_margin_phone=\u00a0\u00bb0px||||false|false\u00a0\u00bb custom_margin_last_edited=\u00a0\u00bbon|phone\u00a0\u00bb custom_padding=\u00a0\u00bb0px||||false|false\u00a0\u00bb text_font_size_tablet=\u00a0\u00bb21px\u00a0\u00bb text_font_size_phone=\u00a0\u00bb17px\u00a0\u00bb text_font_size_last_edited=\u00a0\u00bbon|phone\u00a0\u00bb global_colors_info=\u00a0\u00bb{}\u00a0\u00bb]<\/p>\n<p style=\"text-align: center;\">De quelle exp\u00e9rience avez-vous envie ?<br \/><a href=\"https:\/\/www.lespetitsbaroudeurs.com\/evenements\/montagne-grande-aventure\/\"><strong>La Grande Aventure<\/strong><\/a> pour vivre intens\u00e9ment au rythme des activit\u00e9s pendant <strong>3 jours et 2 nuits<\/strong> et partager le <strong>bivouac<\/strong> en famille ?<br \/><a href=\"https:\/\/www.lespetitsbaroudeurs.com\/evenements\/montagne-petite-aventure\/\"><strong>La Petite Aventure<\/strong><\/a> pour venir \u00e0 la journ\u00e9e profiter des <strong>ateliers<\/strong> et <strong>animations<\/strong> au<strong> Camp de Base<\/strong> ?<br \/>Pour l&rsquo;une des <a href=\"https:\/\/www.lespetitsbaroudeurs.com\/evenements\/montagne-la-soiree\/\"><strong>Soir\u00e9es<\/strong><\/a> en mode oiseau de nuit avec <strong>causeries<\/strong> &amp; projections, <strong>veill\u00e9es<\/strong> anim\u00e9es et <strong>ap\u00e9ros<\/strong> produits locaux ?<\/p>\n<p>[\/et_pb_text][\/et_pb_column][\/et_pb_row][et_pb_row column_structure=\u00a0\u00bb1_3,1_3,1_3&Prime; use_custom_gutter=\u00a0\u00bbon\u00a0\u00bb gutter_width=\u00a0\u00bb2&Prime; make_equal=\u00a0\u00bbon\u00a0\u00bb admin_label=\u00a0\u00bbPetite ou grande aventure ?\u00a0\u00bb _builder_version=\u00a0\u00bb4.23.1&Prime; _module_preset=\u00a0\u00bbdefault\u00a0\u00bb width=\u00a0\u00bb100%\u00a0\u00bb max_width=\u00a0\u00bb1300px\u00a0\u00bb module_alignment=\u00a0\u00bbcenter\u00a0\u00bb global_colors_info=\u00a0\u00bb{}\u00a0\u00bb][et_pb_column type=\u00a0\u00bb1_3&Prime; admin_label=\u00a0\u00bbGrande aventure\u00a0\u00bb _builder_version=\u00a0\u00bb4.23.1&Prime; _module_preset=\u00a0\u00bbdefault\u00a0\u00bb background_color=\u00a0\u00bb#FFFFFF\u00a0\u00bb box_shadow_style=\u00a0\u00bbpreset1&Prime; global_colors_info=\u00a0\u00bb{}\u00a0\u00bb][et_pb_image src=\u00a0\u00bbhttps:\/\/www.lespetitsbaroudeurs.com\/evenements\/wp-content\/uploads\/2023\/11\/cani-rando.jpg\u00a0\u00bb alt=\u00a0\u00bbFamille en cani-rando avec une remorque pour les enfants tir\u00e9e par des chiens de traineau.\u00a0\u00bb title_text=\u00a0\u00bbcani-rando\u00a0\u00bb url=\u00a0\u00bbhttps:\/\/www.lespetitsbaroudeurs.com\/evenements\/montagne-grande-aventure\/\u00a0\u00bb _builder_version=\u00a0\u00bb4.23.2&Prime; _module_preset=\u00a0\u00bbdefault\u00a0\u00bb custom_padding=\u00a0\u00bb20px|20px|0px|20px|false|false\u00a0\u00bb global_colors_info=\u00a0\u00bb{}\u00a0\u00bb][\/et_pb_image][et_pb_text _builder_version=\u00a0\u00bb4.23.1&Prime; _module_preset=\u00a0\u00bbdefault\u00a0\u00bb header_3_font_size=\u00a0\u00bb32px\u00a0\u00bb header_3_line_height=\u00a0\u00bb0.9em\u00a0\u00bb custom_margin=\u00a0\u00bb0px|20px|0px|20px|false|false\u00a0\u00bb header_3_font_size_tablet=\u00a0\u00bb32px\u00a0\u00bb header_3_font_size_phone=\u00a0\u00bb25px\u00a0\u00bb header_3_font_size_last_edited=\u00a0\u00bbon|phone\u00a0\u00bb global_colors_info=\u00a0\u00bb{}\u00a0\u00bb]<\/p>\n<h3>La grande aventure<br \/>(3 jours avec bivouac)<\/h3>\n<p>[\/et_pb_text][et_pb_text _builder_version=\u00a0\u00bb4.23.1&Prime; _module_preset=\u00a0\u00bbdefault\u00a0\u00bb header_3_font_size=\u00a0\u00bb32px\u00a0\u00bb header_3_line_height=\u00a0\u00bb0.9em\u00a0\u00bb custom_margin=\u00a0\u00bb0px|20px|0px|20px|false|false\u00a0\u00bb header_3_font_size_tablet=\u00a0\u00bb32px\u00a0\u00bb header_3_font_size_phone=\u00a0\u00bb25px\u00a0\u00bb header_3_font_size_last_edited=\u00a0\u00bbon|phone\u00a0\u00bb global_colors_info=\u00a0\u00bb{}\u00a0\u00bb]<\/p>\n<p>Une exp\u00e9rience unique durant 3 jours d\u2019activit\u00e9s et 2 nuits sous les \u00e9toiles au c\u0153ur du Parc Naturel R\u00e9gional du Massif des Bauges.<\/p>\n<p>[\/et_pb_text][et_pb_button button_url=\u00a0\u00bb@ET-DC@eyJkeW5hbWljIjp0cnVlLCJjb250ZW50IjoicG9zdF9saW5rX3VybF9wYWdlIiwic2V0dGluZ3MiOnsicG9zdF9pZCI6IjI2NiJ9fQ==@\u00a0\u00bb button_text=\u00a0\u00bbPr\u00eats pour La Grande Aventure !\u00a0\u00bb button_alignment=\u00a0\u00bbright\u00a0\u00bb admin_label=\u00a0\u00bbBouton vers Page Petite Aventure\u00a0\u00bb _builder_version=\u00a0\u00bb4.23.1&Prime; _dynamic_attributes=\u00a0\u00bbbutton_url\u00a0\u00bb _module_preset=\u00a0\u00bbdefault\u00a0\u00bb button_text_color=\u00a0\u00bb#FFFFFF\u00a0\u00bb button_bg_color=\u00a0\u00bb#C66D44&Prime; button_border_width=\u00a0\u00bb2px\u00a0\u00bb button_border_color=\u00a0\u00bb#C66D44&Prime; button_use_icon=\u00a0\u00bbon\u00a0\u00bb button_icon=\u00a0\u00bb&#x39;||divi||400&Prime; button_on_hover=\u00a0\u00bboff\u00a0\u00bb custom_margin=\u00a0\u00bb24px|20px|20px|20px|false|false\u00a0\u00bb global_colors_info=\u00a0\u00bb{}\u00a0\u00bb button_text_color__hover_enabled=\u00a0\u00bbon|desktop\u00a0\u00bb button_bg_color__hover_enabled=\u00a0\u00bbon|hover\u00a0\u00bb button_border_color__hover_enabled=\u00a0\u00bbon|hover\u00a0\u00bb button_border_color__hover=\u00a0\u00bb#C66D44&Prime; button_border_width__hover_enabled=\u00a0\u00bbon|hover\u00a0\u00bb button_bg_color__hover=\u00a0\u00bb#FFFFFF\u00a0\u00bb button_bg_enable_color__hover=\u00a0\u00bbon\u00a0\u00bb button_text_color__hover=\u00a0\u00bb#C66D44&Prime; button_border_width__hover=\u00a0\u00bb2px\u00a0\u00bb][\/et_pb_button][\/et_pb_column][et_pb_column type=\u00a0\u00bb1_3&Prime; admin_label=\u00a0\u00bbPetite aventure\u00a0\u00bb _builder_version=\u00a0\u00bb4.23.1&Prime; _module_preset=\u00a0\u00bbdefault\u00a0\u00bb background_color=\u00a0\u00bb#FFFFFF\u00a0\u00bb box_shadow_style=\u00a0\u00bbpreset1&Prime; global_colors_info=\u00a0\u00bb{}\u00a0\u00bb][et_pb_image src=\u00a0\u00bbhttps:\/\/www.lespetitsbaroudeurs.com\/evenements\/wp-content\/uploads\/2023\/11\/grimpe-arbres.jpg\u00a0\u00bb alt=\u00a0\u00bbEnfant grimpant dans un arbre \u00e0 l&rsquo;aide d&rsquo;une corde.\u00a0\u00bb title_text=\u00a0\u00bbgrimpe-arbres\u00a0\u00bb url=\u00a0\u00bbhttps:\/\/www.lespetitsbaroudeurs.com\/evenements\/montagne-petite-aventure\/\u00a0\u00bb _builder_version=\u00a0\u00bb4.23.2&Prime; _module_preset=\u00a0\u00bbdefault\u00a0\u00bb custom_padding=\u00a0\u00bb20px|20px|0px|20px|false|false\u00a0\u00bb global_colors_info=\u00a0\u00bb{}\u00a0\u00bb][\/et_pb_image][et_pb_text _builder_version=\u00a0\u00bb4.23.1&Prime; _module_preset=\u00a0\u00bbdefault\u00a0\u00bb header_3_font_size=\u00a0\u00bb32px\u00a0\u00bb header_3_line_height=\u00a0\u00bb0.9em\u00a0\u00bb custom_margin=\u00a0\u00bb0px|20px|0px|20px|false|false\u00a0\u00bb header_3_font_size_tablet=\u00a0\u00bb32px\u00a0\u00bb header_3_font_size_phone=\u00a0\u00bb25px\u00a0\u00bb header_3_font_size_last_edited=\u00a0\u00bbon|phone\u00a0\u00bb global_colors_info=\u00a0\u00bb{}\u00a0\u00bb]<\/p>\n<h3>La petite aventure<br \/>(\u00e0 la journ\u00e9e)<\/h3>\n<p>[\/et_pb_text][et_pb_text _builder_version=\u00a0\u00bb4.23.1&Prime; _module_preset=\u00a0\u00bbdefault\u00a0\u00bb header_3_font_size=\u00a0\u00bb32px\u00a0\u00bb header_3_line_height=\u00a0\u00bb0.9em\u00a0\u00bb custom_margin=\u00a0\u00bb0px|20px|0px|20px|false|false\u00a0\u00bb header_3_font_size_tablet=\u00a0\u00bb32px\u00a0\u00bb header_3_font_size_phone=\u00a0\u00bb25px\u00a0\u00bb header_3_font_size_last_edited=\u00a0\u00bbon|phone\u00a0\u00bb global_colors_info=\u00a0\u00bb{}\u00a0\u00bb]<\/p>\n<p>Une journ\u00e9e au choix (samedi, dimanche ou lundi) pour profiter des ateliers et animations du matin au soir au Camp de Base.<\/p>\n<p>[\/et_pb_text][et_pb_button button_url=\u00a0\u00bb@ET-DC@eyJkeW5hbWljIjp0cnVlLCJjb250ZW50IjoicG9zdF9saW5rX3VybF9wYWdlIiwic2V0dGluZ3MiOnsicG9zdF9pZCI6IjI2OSJ9fQ==@\u00a0\u00bb button_text=\u00a0\u00bbPar ici La Petite Aventure&#8230;\u00a0\u00bb button_alignment=\u00a0\u00bbright\u00a0\u00bb admin_label=\u00a0\u00bbBouton vers Page Petite Aventure\u00a0\u00bb _builder_version=\u00a0\u00bb4.23.1&Prime; _dynamic_attributes=\u00a0\u00bbbutton_url\u00a0\u00bb _module_preset=\u00a0\u00bbdefault\u00a0\u00bb button_text_color=\u00a0\u00bb#FFFFFF\u00a0\u00bb button_bg_color=\u00a0\u00bb#C66D44&Prime; button_border_width=\u00a0\u00bb2px\u00a0\u00bb button_border_color=\u00a0\u00bb#C66D44&Prime; button_use_icon=\u00a0\u00bbon\u00a0\u00bb button_icon=\u00a0\u00bb&#x39;||divi||400&Prime; button_on_hover=\u00a0\u00bboff\u00a0\u00bb custom_margin=\u00a0\u00bb24px|20px|20px|20px|false|false\u00a0\u00bb global_colors_info=\u00a0\u00bb{}\u00a0\u00bb button_text_color__hover=\u00a0\u00bb#C66D44&Prime; button_text_color__hover_enabled=\u00a0\u00bbon|desktop\u00a0\u00bb button_bg_color__hover=\u00a0\u00bb#FFFFFF\u00a0\u00bb button_bg_color__hover_enabled=\u00a0\u00bbon|hover\u00a0\u00bb button_border_width__hover_enabled=\u00a0\u00bbon|hover\u00a0\u00bb button_border_color__hover=\u00a0\u00bb#C66D44&Prime; button_border_color__hover_enabled=\u00a0\u00bbon|hover\u00a0\u00bb button_border_width__hover=\u00a0\u00bb2px\u00a0\u00bb][\/et_pb_button][\/et_pb_column][et_pb_column type=\u00a0\u00bb1_3&Prime; admin_label=\u00a0\u00bbPetite aventure\u00a0\u00bb _builder_version=\u00a0\u00bb4.23.1&Prime; _module_preset=\u00a0\u00bbdefault\u00a0\u00bb background_color=\u00a0\u00bb#FFFFFF\u00a0\u00bb box_shadow_style=\u00a0\u00bbpreset1&Prime; global_colors_info=\u00a0\u00bb{}\u00a0\u00bb][et_pb_image src=\u00a0\u00bbhttps:\/\/www.lespetitsbaroudeurs.com\/evenements\/wp-content\/uploads\/2023\/12\/camp-nuit-800&#215;600-1.jpg\u00a0\u00bb alt=\u00a0\u00bbCamp de tipis de nuit sous la voie lact\u00e9e\u00a0\u00bb title_text=\u00a0\u00bbcamp-nuit-800&#215;600&Prime; url=\u00a0\u00bbhttps:\/\/www.lespetitsbaroudeurs.com\/evenements\/montagne-la-soiree\/\u00a0\u00bb _builder_version=\u00a0\u00bb4.23.2&Prime; _module_preset=\u00a0\u00bbdefault\u00a0\u00bb custom_padding=\u00a0\u00bb20px|20px|0px|20px|false|false\u00a0\u00bb global_colors_info=\u00a0\u00bb{}\u00a0\u00bb][\/et_pb_image][et_pb_text _builder_version=\u00a0\u00bb4.23.1&Prime; _module_preset=\u00a0\u00bbdefault\u00a0\u00bb header_3_font_size=\u00a0\u00bb32px\u00a0\u00bb header_3_line_height=\u00a0\u00bb0.9em\u00a0\u00bb custom_margin=\u00a0\u00bb0px|20px|0px|20px|false|false\u00a0\u00bb header_3_font_size_tablet=\u00a0\u00bb32px\u00a0\u00bb header_3_font_size_phone=\u00a0\u00bb25px\u00a0\u00bb header_3_font_size_last_edited=\u00a0\u00bbon|phone\u00a0\u00bb global_colors_info=\u00a0\u00bb{}\u00a0\u00bb]<\/p>\n<h3>La soir\u00e9e<br \/>(\u00e0 partir de 18h)<\/h3>\n<p>[\/et_pb_text][et_pb_text _builder_version=\u00a0\u00bb4.23.1&Prime; _module_preset=\u00a0\u00bbdefault\u00a0\u00bb header_3_font_size=\u00a0\u00bb32px\u00a0\u00bb header_3_line_height=\u00a0\u00bb0.9em\u00a0\u00bb custom_margin=\u00a0\u00bb0px|20px|0px|20px|false|false\u00a0\u00bb header_3_font_size_tablet=\u00a0\u00bb32px\u00a0\u00bb header_3_font_size_phone=\u00a0\u00bb25px\u00a0\u00bb header_3_font_size_last_edited=\u00a0\u00bbon|phone\u00a0\u00bb global_colors_info=\u00a0\u00bb{}\u00a0\u00bb]<\/p>\n<p>Ap\u00e9ro-produits locaux, veill\u00e9e en musique, causeries et projections inspirantes, astronomie et animations !<\/p>\n<p>[\/et_pb_text][et_pb_button button_url=\u00a0\u00bb@ET-DC@eyJkeW5hbWljIjp0cnVlLCJjb250ZW50IjoicG9zdF9saW5rX3VybF9wYWdlIiwic2V0dGluZ3MiOnsicG9zdF9pZCI6IjkxNyJ9fQ==@\u00a0\u00bb button_text=\u00a0\u00bbLa Soir\u00e9e c&rsquo;est par l\u00e0\u00a0\u00bb button_alignment=\u00a0\u00bbright\u00a0\u00bb admin_label=\u00a0\u00bbBouton vers Page Petite Aventure\u00a0\u00bb _builder_version=\u00a0\u00bb4.23.1&Prime; _dynamic_attributes=\u00a0\u00bbbutton_url\u00a0\u00bb _module_preset=\u00a0\u00bbdefault\u00a0\u00bb button_text_color=\u00a0\u00bb#FFFFFF\u00a0\u00bb button_bg_color=\u00a0\u00bb#C66D44&Prime; button_border_width=\u00a0\u00bb2px\u00a0\u00bb button_border_color=\u00a0\u00bb#C66D44&Prime; button_use_icon=\u00a0\u00bbon\u00a0\u00bb button_icon=\u00a0\u00bb&#x39;||divi||400&Prime; button_on_hover=\u00a0\u00bboff\u00a0\u00bb custom_margin=\u00a0\u00bb24px|20px|20px|20px|false|false\u00a0\u00bb global_colors_info=\u00a0\u00bb{}\u00a0\u00bb button_text_color__hover=\u00a0\u00bb#C66D44&Prime; button_text_color__hover_enabled=\u00a0\u00bbon|desktop\u00a0\u00bb button_bg_color__hover=\u00a0\u00bb#FFFFFF\u00a0\u00bb button_bg_color__hover_enabled=\u00a0\u00bbon|hover\u00a0\u00bb button_border_width__hover_enabled=\u00a0\u00bbon|hover\u00a0\u00bb button_border_color__hover=\u00a0\u00bb#C66D44&Prime; button_border_color__hover_enabled=\u00a0\u00bbon|hover\u00a0\u00bb button_border_width__hover=\u00a0\u00bb2px\u00a0\u00bb][\/et_pb_button][\/et_pb_column][\/et_pb_row][et_pb_row column_structure=\u00a0\u00bb1_3,1_3,1_3&Prime; disabled_on=\u00a0\u00bboff|off|off\u00a0\u00bb admin_label=\u00a0\u00bbT\u00e9moignages\u00a0\u00bb _builder_version=\u00a0\u00bb4.23.1&Prime; _module_preset=\u00a0\u00bbdefault\u00a0\u00bb custom_margin=\u00a0\u00bb30px||||false|false\u00a0\u00bb global_colors_info=\u00a0\u00bb{}\u00a0\u00bb][et_pb_column type=\u00a0\u00bb1_3&Prime; _builder_version=\u00a0\u00bb4.23.1&Prime; _module_preset=\u00a0\u00bbdefault\u00a0\u00bb global_colors_info=\u00a0\u00bb{}\u00a0\u00bb][et_pb_testimonial author=\u00a0\u00bbSam-Soan, papa Grand Aventurier\u00a0\u00bb quote_icon_color=\u00a0\u00bb#C66D44&Prime; _builder_version=\u00a0\u00bb4.23.1&Prime; _module_preset=\u00a0\u00bbdefault\u00a0\u00bb background_color=\u00a0\u00bb#F6F4F1&Prime; global_colors_info=\u00a0\u00bb{}\u00a0\u00bb]<\/p>\n<p><em>Nos meilleurs souvenirs ? Les chamallows grill\u00e9s, la rando avec les huskies, l&rsquo;astronomie, fariquer des cabanes, l&rsquo;ap\u00e9ro tous ensemble, le yoga et le film des 2bike3&#8230;<\/em><\/p>\n<p>[\/et_pb_testimonial][\/et_pb_column][et_pb_column type=\u00a0\u00bb1_3&Prime; _builder_version=\u00a0\u00bb4.23.1&Prime; _module_preset=\u00a0\u00bbdefault\u00a0\u00bb global_colors_info=\u00a0\u00bb{}\u00a0\u00bb][et_pb_testimonial author=\u00a0\u00bbRebecca, maman venue \u00e0 la Petite Aventure\u00a0\u00bb quote_icon_color=\u00a0\u00bb#C66D44&Prime; _builder_version=\u00a0\u00bb4.23.1&Prime; _module_preset=\u00a0\u00bbdefault\u00a0\u00bb background_color=\u00a0\u00bb#F6F4F1&Prime; global_colors_info=\u00a0\u00bb{}\u00a0\u00bb]<\/p>\n<p><em>5 activit\u00e9s faites : Vtt, grimper dans les arbres, rando en famille, indice des animaux, marteloscope et toutes \u00e9taient g\u00e9niales avec des animateurs passionn\u00e9s et passionnants<\/em><\/p>\n<p>[\/et_pb_testimonial][\/et_pb_column][et_pb_column type=\u00a0\u00bb1_3&Prime; _builder_version=\u00a0\u00bb4.23.1&Prime; _module_preset=\u00a0\u00bbdefault\u00a0\u00bb global_colors_info=\u00a0\u00bb{}\u00a0\u00bb][et_pb_testimonial author=\u00a0\u00bbCharlotte, Romain, Sacha et Camille\u00a0\u00bb quote_icon_color=\u00a0\u00bb#C66D44&Prime; _builder_version=\u00a0\u00bb4.23.1&Prime; _module_preset=\u00a0\u00bbdefault\u00a0\u00bb background_color=\u00a0\u00bb#F6F4F1&Prime; global_colors_info=\u00a0\u00bb{}\u00a0\u00bb]<\/p>\n<p><em>Toute la famille a aim\u00e9 : <br \/>La rando \u00e2nes car ludique pour les enfants et aussi tr\u00e8s int\u00e9ressants pour les parents<br \/>Les guides au top<br \/>La veill\u00e9e au coin du feu<br \/>Dormir sous la tente tout coll\u00e9 avec les enfants<\/em><\/p>\n<p>[\/et_pb_testimonial][\/et_pb_column][\/et_pb_row][et_pb_row _builder_version=\u00a0\u00bb4.23.4&Prime; _module_preset=\u00a0\u00bbdefault\u00a0\u00bb global_colors_info=\u00a0\u00bb{}\u00a0\u00bb][et_pb_column type=\u00a0\u00bb4_4&Prime; _builder_version=\u00a0\u00bb4.23.4&Prime; _module_preset=\u00a0\u00bbdefault\u00a0\u00bb global_colors_info=\u00a0\u00bb{}\u00a0\u00bb][et_pb_button button_url=\u00a0\u00bbhttps:\/\/www.lespetitsbaroudeurs.com\/evenements\/montagne-tarifs-reservations\/\u00a0\u00bb button_text=\u00a0\u00bbJe m&rsquo;inscris\u00a0\u00bb button_alignment=\u00a0\u00bbcenter\u00a0\u00bb disabled_on=\u00a0\u00bboff|off|off\u00a0\u00bb admin_label=\u00a0\u00bbBouton s&rsquo;inscrire\u00a0\u00bb _builder_version=\u00a0\u00bb4.27.3&Prime; _module_preset=\u00a0\u00bbdefault\u00a0\u00bb button_text_color=\u00a0\u00bb#FFFFFF\u00a0\u00bb button_bg_color=\u00a0\u00bb#C66D44&Prime; button_border_width=\u00a0\u00bb2px\u00a0\u00bb button_border_radius=\u00a0\u00bb0px\u00a0\u00bb button_use_icon=\u00a0\u00bbon\u00a0\u00bb button_icon=\u00a0\u00bb&#x39;||divi||400&Prime; button_icon_color=\u00a0\u00bb#FFFFFF\u00a0\u00bb button_on_hover=\u00a0\u00bboff\u00a0\u00bb custom_margin=\u00a0\u00bb10px||||false|false\u00a0\u00bb global_module=\u00a0\u00bb7510&Prime; saved_tabs=\u00a0\u00bball\u00a0\u00bb global_colors_info=\u00a0\u00bb{}\u00a0\u00bb button_text_color__hover_enabled=\u00a0\u00bbon|hover\u00a0\u00bb button_text_color__hover=\u00a0\u00bb#C66D44&Prime; button_bg_color__hover_enabled=\u00a0\u00bbon|desktop\u00a0\u00bb button_bg_color__hover=\u00a0\u00bb#FFFFFF\u00a0\u00bb button_bg_enable_color__hover=\u00a0\u00bbon\u00a0\u00bb button_border_width__hover_enabled=\u00a0\u00bbon|hover\u00a0\u00bb button_border_color__hover_enabled=\u00a0\u00bbon|hover\u00a0\u00bb button_border_color__hover=\u00a0\u00bb#C66D44&Prime; button_border_width__hover=\u00a0\u00bb2px\u00a0\u00bb][\/et_pb_button][\/et_pb_column][\/et_pb_row][\/et_pb_section][et_pb_section fb_built=\u00a0\u00bb1&Prime; admin_label=\u00a0\u00bbPartenaires\u00a0\u00bb _builder_version=\u00a0\u00bb4.23.1&Prime; _module_preset=\u00a0\u00bbdefault\u00a0\u00bb width_tablet=\u00a0\u00bb\u00a0\u00bb width_phone=\u00a0\u00bb\u00a0\u00bb width_last_edited=\u00a0\u00bbon|phone\u00a0\u00bb custom_margin=\u00a0\u00bb||0px||false|false\u00a0\u00bb custom_margin_tablet=\u00a0\u00bb\u00a0\u00bb custom_margin_phone=\u00a0\u00bb||0px||false|false\u00a0\u00bb custom_margin_last_edited=\u00a0\u00bbon|phone\u00a0\u00bb custom_padding=\u00a0\u00bb||0px||false|false\u00a0\u00bb module_alignment_tablet=\u00a0\u00bb\u00a0\u00bb module_alignment_phone=\u00a0\u00bbcenter\u00a0\u00bb module_alignment_last_edited=\u00a0\u00bbon|phone\u00a0\u00bb global_colors_info=\u00a0\u00bb{}\u00a0\u00bb][et_pb_row _builder_version=\u00a0\u00bb4.27.3&Prime; _module_preset=\u00a0\u00bbdefault\u00a0\u00bb width_tablet=\u00a0\u00bb\u00a0\u00bb width_phone=\u00a0\u00bb100%\u00a0\u00bb width_last_edited=\u00a0\u00bbon|phone\u00a0\u00bb module_alignment=\u00a0\u00bbcenter\u00a0\u00bb min_height_tablet=\u00a0\u00bb\u00a0\u00bb min_height_phone=\u00a0\u00bb\u00a0\u00bb min_height_last_edited=\u00a0\u00bbon|phone\u00a0\u00bb custom_margin_tablet=\u00a0\u00bb\u00a0\u00bb custom_margin_phone=\u00a0\u00bb||||false|false\u00a0\u00bb custom_margin_last_edited=\u00a0\u00bbon|phone\u00a0\u00bb custom_padding=\u00a0\u00bb||||false|false\u00a0\u00bb global_module=\u00a0\u00bb62591&Prime; saved_tabs=\u00a0\u00bball\u00a0\u00bb global_colors_info=\u00a0\u00bb{}\u00a0\u00bb][et_pb_column type=\u00a0\u00bb4_4&Prime; _builder_version=\u00a0\u00bb4.23.1&Prime; _module_preset=\u00a0\u00bbdefault\u00a0\u00bb global_colors_info=\u00a0\u00bb{}\u00a0\u00bb][et_pb_text _builder_version=\u00a0\u00bb4.27.3&Prime; _module_preset=\u00a0\u00bbdefault\u00a0\u00bb text_font_size=\u00a0\u00bb22px\u00a0\u00bb text_line_height=\u00a0\u00bb1.2em\u00a0\u00bb custom_margin=\u00a0\u00bb||60px||false|false\u00a0\u00bb custom_padding=\u00a0\u00bb0px||||false|false\u00a0\u00bb custom_padding_tablet=\u00a0\u00bb0px||||false|false\u00a0\u00bb custom_padding_phone=\u00a0\u00bb|20px||20px|false|false\u00a0\u00bb custom_padding_last_edited=\u00a0\u00bbon|phone\u00a0\u00bb text_font_size_tablet=\u00a0\u00bb21px\u00a0\u00bb text_font_size_phone=\u00a0\u00bb17px\u00a0\u00bb text_font_size_last_edited=\u00a0\u00bbon|phone\u00a0\u00bb global_colors_info=\u00a0\u00bb{}\u00a0\u00bb]<\/p>\n<p style=\"text-align: center;\"><span style=\"font-weight: 400;\">Merci \u00e0 nos partenaires <\/span><span style=\"font-weight: 400;\">qui nous aident \u00e0 r\u00e9aliser nos r\u00eaves \ud83c\udf08<br \/><\/span><\/p>\n<p>[\/et_pb_text][wdcl_image_carousel animation_speed=\u00a0\u00bb2700ms\u00a0\u00bb nav_pagi=\u00a0\u00bbnone\u00a0\u00bb slide_spacing=\u00a0\u00bb22px\u00a0\u00bb slide_count_tablet=\u00a0\u00bb\u00a0\u00bb slide_count_phone=\u00a0\u00bb1&Prime; slide_count_last_edited=\u00a0\u00bbon|phone\u00a0\u00bb _builder_version=\u00a0\u00bb4.27.4&Prime; _module_preset=\u00a0\u00bbdefault\u00a0\u00bb background_color=\u00a0\u00bbRGBA(255,255,255,0)\u00a0\u00bb width=\u00a0\u00bb71%\u00a0\u00bb module_alignment=\u00a0\u00bbcenter\u00a0\u00bb custom_margin=\u00a0\u00bb-41px||0px||false|false\u00a0\u00bb custom_padding=\u00a0\u00bb|0px||0px|false|false\u00a0\u00bb custom_padding_tablet=\u00a0\u00bb|0px||0px|false|false\u00a0\u00bb custom_padding_phone=\u00a0\u00bb0px|50px|0px|50px|false|false\u00a0\u00bb custom_padding_last_edited=\u00a0\u00bbon|phone\u00a0\u00bb filter_saturate=\u00a0\u00bb0%\u00a0\u00bb filter_opacity=\u00a0\u00bb63%\u00a0\u00bb link_option_url=\u00a0\u00bbhttps:\/\/www.toyboard.fr\/fr\/\u00a0\u00bb hover_enabled=\u00a0\u00bb0&Prime; global_colors_info=\u00a0\u00bb{}\u00a0\u00bb sticky_enabled=\u00a0\u00bb0&Prime;][wdcl_image_carousel_child admin_title=\u00a0\u00bbAllibert\u00a0\u00bb photo=\u00a0\u00bbhttps:\/\/www.lespetitsbaroudeurs.com\/evenements\/wp-content\/uploads\/2023\/11\/alliberttrekking-logo-partenaire.png\u00a0\u00bb _builder_version=\u00a0\u00bb4.23.1&Prime; _module_preset=\u00a0\u00bbdefault\u00a0\u00bb link_option_url=\u00a0\u00bbhttps:\/\/www.allibert-trekking.com\/\u00a0\u00bb link_option_url_new_window=\u00a0\u00bbon\u00a0\u00bb global_colors_info=\u00a0\u00bb{}\u00a0\u00bb][\/wdcl_image_carousel_child][wdcl_image_carousel_child admin_title=\u00a0\u00bbAlpina\u00a0\u00bb photo=\u00a0\u00bbhttps:\/\/www.lespetitsbaroudeurs.com\/evenements\/wp-content\/uploads\/2025\/02\/Alpina.png\u00a0\u00bb _builder_version=\u00a0\u00bb4.27.3&Prime; _module_preset=\u00a0\u00bbdefault\u00a0\u00bb link_option_url=\u00a0\u00bbhttps:\/\/www.alpina-savoie.com\/\u00a0\u00bb link_option_url_new_window=\u00a0\u00bbon\u00a0\u00bb global_colors_info=\u00a0\u00bb{}\u00a0\u00bb][\/wdcl_image_carousel_child][wdcl_image_carousel_child admin_title=\u00a0\u00bbBiocoop\u00a0\u00bb photo=\u00a0\u00bbhttps:\/\/www.lespetitsbaroudeurs.com\/evenements\/wp-content\/uploads\/2026\/03\/logos-partenaires-site-web-festival-500&#215;500-1.jpg\u00a0\u00bb _builder_version=\u00a0\u00bb4.27.4&Prime; _module_preset=\u00a0\u00bbdefault\u00a0\u00bb link_option_url=\u00a0\u00bbhttps:\/\/www.biocoop.fr\u00a0\u00bb link_option_url_new_window=\u00a0\u00bbon\u00a0\u00bb hover_enabled=\u00a0\u00bb0&Prime; global_colors_info=\u00a0\u00bb{}\u00a0\u00bb title_text=\u00a0\u00bblogos partenaires site web festival 500&#215;500&Prime; sticky_enabled=\u00a0\u00bb0&Prime;][\/wdcl_image_carousel_child][wdcl_image_carousel_child admin_title=\u00a0\u00bbChamb\u00e9ry Montagnes\u00a0\u00bb photo=\u00a0\u00bbhttps:\/\/www.lespetitsbaroudeurs.com\/evenements\/wp-content\/uploads\/2023\/11\/chambery-montagnes-logo-partenaire.png\u00a0\u00bb _builder_version=\u00a0\u00bb4.23.4&Prime; _module_preset=\u00a0\u00bbdefault\u00a0\u00bb link_option_url=\u00a0\u00bbhttps:\/\/www.chamberymontagnes.com\/\u00a0\u00bb link_option_url_new_window=\u00a0\u00bbon\u00a0\u00bb global_colors_info=\u00a0\u00bb{}\u00a0\u00bb][\/wdcl_image_carousel_child][wdcl_image_carousel_child admin_title=\u00a0\u00bbColumbia\u00a0\u00bb photo=\u00a0\u00bbhttps:\/\/www.lespetitsbaroudeurs.com\/evenements\/wp-content\/uploads\/2025\/02\/Columbia.png\u00a0\u00bb _builder_version=\u00a0\u00bb4.27.3&Prime; _module_preset=\u00a0\u00bbdefault\u00a0\u00bb link_option_url=\u00a0\u00bbhttps:\/\/www.columbiasportswear.fr\/\u00a0\u00bb link_option_url_new_window=\u00a0\u00bbon\u00a0\u00bb global_colors_info=\u00a0\u00bb{}\u00a0\u00bb][\/wdcl_image_carousel_child][wdcl_image_carousel_child admin_title=\u00a0\u00bbKidy Wolf\u00a0\u00bb photo=\u00a0\u00bbhttps:\/\/www.lespetitsbaroudeurs.com\/evenements\/wp-content\/uploads\/2026\/03\/Kidy-Wolf.jpg\u00a0\u00bb _builder_version=\u00a0\u00bb4.27.4&Prime; _module_preset=\u00a0\u00bbdefault\u00a0\u00bb link_option_url=\u00a0\u00bbhttps:\/\/kidywolf.com\u00a0\u00bb link_option_url_new_window=\u00a0\u00bbon\u00a0\u00bb global_colors_info=\u00a0\u00bb{}\u00a0\u00bb][\/wdcl_image_carousel_child][wdcl_image_carousel_child admin_title=\u00a0\u00bbMaped\u00a0\u00bb photo=\u00a0\u00bbhttps:\/\/www.lespetitsbaroudeurs.com\/evenements\/wp-content\/uploads\/2024\/04\/logos-partenaires-site-web-events1.png\u00a0\u00bb overlay_bg_color=\u00a0\u00bbRGBA(255,255,255,0)\u00a0\u00bb _builder_version=\u00a0\u00bb4.23.4&Prime; _module_preset=\u00a0\u00bbdefault\u00a0\u00bb link_option_url=\u00a0\u00bbhttps:\/\/fr.maped.com\/\u00a0\u00bb link_option_url_new_window=\u00a0\u00bbon\u00a0\u00bb global_colors_info=\u00a0\u00bb{}\u00a0\u00bb][\/wdcl_image_carousel_child][wdcl_image_carousel_child admin_title=\u00a0\u00bbMero Mero\u00a0\u00bb photo=\u00a0\u00bbhttps:\/\/www.lespetitsbaroudeurs.com\/evenements\/wp-content\/uploads\/2025\/02\/Mero-Mero.png\u00a0\u00bb overlay_bg_color=\u00a0\u00bbRGBA(255,255,255,0)\u00a0\u00bb _builder_version=\u00a0\u00bb4.27.3&Prime; _module_preset=\u00a0\u00bbdefault\u00a0\u00bb link_option_url=\u00a0\u00bbhttps:\/\/www.meromero.fr\/\u00a0\u00bb link_option_url_new_window=\u00a0\u00bbon\u00a0\u00bb global_colors_info=\u00a0\u00bb{}\u00a0\u00bb][\/wdcl_image_carousel_child][wdcl_image_carousel_child admin_title=\u00a0\u00bbM\u00e9zam\u00e9\u00a0\u00bb photo=\u00a0\u00bbhttps:\/\/www.lespetitsbaroudeurs.com\/evenements\/wp-content\/uploads\/2025\/04\/Mezame-logo-1.png\u00a0\u00bb _builder_version=\u00a0\u00bb4.27.3&Prime; _module_preset=\u00a0\u00bbdefault\u00a0\u00bb link_option_url=\u00a0\u00bbhttps:\/\/www.mezameparis.com\/fr\/\u00a0\u00bb link_option_url_new_window=\u00a0\u00bbon\u00a0\u00bb global_colors_info=\u00a0\u00bb{}\u00a0\u00bb][\/wdcl_image_carousel_child][wdcl_image_carousel_child admin_title=\u00a0\u00bbMSR\u00a0\u00bb photo=\u00a0\u00bbhttps:\/\/www.lespetitsbaroudeurs.com\/evenements\/wp-content\/uploads\/2026\/03\/Vilac-1.jpg\u00a0\u00bb _builder_version=\u00a0\u00bb4.27.4&Prime; _module_preset=\u00a0\u00bbdefault\u00a0\u00bb link_option_url=\u00a0\u00bbhttps:\/\/www.lespetitsbaroudeurs.com\/msr-256&Prime; link_option_url_new_window=\u00a0\u00bbon\u00a0\u00bb global_colors_info=\u00a0\u00bb{}\u00a0\u00bb][\/wdcl_image_carousel_child][wdcl_image_carousel_child admin_title=\u00a0\u00bbMy Romy&rsquo;s\u00a0\u00bb photo=\u00a0\u00bbhttps:\/\/www.lespetitsbaroudeurs.com\/evenements\/wp-content\/uploads\/2026\/03\/Capture-decran-2026-03-23-a-15.19.41.png\u00a0\u00bb _builder_version=\u00a0\u00bb4.27.4&Prime; _module_preset=\u00a0\u00bbdefault\u00a0\u00bb link_option_url=\u00a0\u00bbhttps:\/\/www.myromys.com\u00a0\u00bb link_option_url_new_window=\u00a0\u00bbon\u00a0\u00bb global_colors_info=\u00a0\u00bb{}\u00a0\u00bb][\/wdcl_image_carousel_child][wdcl_image_carousel_child admin_title=\u00a0\u00bbPetzl\u00a0\u00bb photo=\u00a0\u00bbhttps:\/\/www.lespetitsbaroudeurs.com\/evenements\/wp-content\/uploads\/2023\/11\/petzl-logo-partenaire.png\u00a0\u00bb _builder_version=\u00a0\u00bb4.23.1&Prime; _module_preset=\u00a0\u00bbdefault\u00a0\u00bb link_option_url=\u00a0\u00bbhttps:\/\/www.petzl.com\/FR\/fr\u00a0\u00bb link_option_url_new_window=\u00a0\u00bbon\u00a0\u00bb global_colors_info=\u00a0\u00bb{}\u00a0\u00bb][\/wdcl_image_carousel_child][wdcl_image_carousel_child admin_title=\u00a0\u00bbPuky\u00a0\u00bb photo=\u00a0\u00bbhttps:\/\/www.lespetitsbaroudeurs.com\/evenements\/wp-content\/uploads\/2026\/03\/Puky.jpg\u00a0\u00bb _builder_version=\u00a0\u00bb4.27.4&Prime; _module_preset=\u00a0\u00bbdefault\u00a0\u00bb link_option_url=\u00a0\u00bbhttps:\/\/www.puky.de\/fr\u00a0\u00bb link_option_url_new_window=\u00a0\u00bbon\u00a0\u00bb global_colors_info=\u00a0\u00bb{}\u00a0\u00bb][\/wdcl_image_carousel_child][wdcl_image_carousel_child admin_title=\u00a0\u00bbNordic\u00e9a\u00a0\u00bb photo=\u00a0\u00bbhttps:\/\/www.lespetitsbaroudeurs.com\/evenements\/wp-content\/uploads\/2025\/04\/Nordicea.png\u00a0\u00bb _builder_version=\u00a0\u00bb4.27.3&Prime; _module_preset=\u00a0\u00bbdefault\u00a0\u00bb link_option_url=\u00a0\u00bbhttps:\/\/nordicea.fr\/\u00a0\u00bb link_option_url_new_window=\u00a0\u00bbon\u00a0\u00bb global_colors_info=\u00a0\u00bb{}\u00a0\u00bb][\/wdcl_image_carousel_child][wdcl_image_carousel_child admin_title=\u00a0\u00bbR\u00e9cr\u00e9am\u00f4mes\u00a0\u00bb photo=\u00a0\u00bbhttps:\/\/www.lespetitsbaroudeurs.com\/evenements\/wp-content\/uploads\/2024\/06\/logo-recreamomes.jpeg\u00a0\u00bb _builder_version=\u00a0\u00bb4.25.0&Prime; _module_preset=\u00a0\u00bbdefault\u00a0\u00bb link_option_url=\u00a0\u00bbhttp:\/\/www.recreamomes.fr\/blog\/\u00a0\u00bb link_option_url_new_window=\u00a0\u00bbon\u00a0\u00bb global_colors_info=\u00a0\u00bb{}\u00a0\u00bb][\/wdcl_image_carousel_child][wdcl_image_carousel_child admin_title=\u00a0\u00bbR\u00e9gion AURA\u00a0\u00bb photo=\u00a0\u00bbhttps:\/\/www.lespetitsbaroudeurs.com\/evenements\/wp-content\/uploads\/2025\/06\/logo-AURA.png\u00a0\u00bb _builder_version=\u00a0\u00bb4.27.3&Prime; _module_preset=\u00a0\u00bbdefault\u00a0\u00bb link_option_url=\u00a0\u00bbhttps:\/\/www.auvergnerhonealpes.fr\/\u00a0\u00bb link_option_url_new_window=\u00a0\u00bbon\u00a0\u00bb global_colors_info=\u00a0\u00bb{}\u00a0\u00bb][\/wdcl_image_carousel_child][wdcl_image_carousel_child admin_title=\u00a0\u00bbRoche Claire\u00a0\u00bb photo=\u00a0\u00bbhttps:\/\/www.lespetitsbaroudeurs.com\/evenements\/wp-content\/uploads\/2024\/04\/3.png\u00a0\u00bb overlay_bg_color=\u00a0\u00bbRGBA(255,255,255,0)\u00a0\u00bb _builder_version=\u00a0\u00bb4.23.4&Prime; _module_preset=\u00a0\u00bbdefault\u00a0\u00bb link_option_url=\u00a0\u00bbhttps:\/\/eau-rocheclaire.com\/\u00a0\u00bb link_option_url_new_window=\u00a0\u00bbon\u00a0\u00bb global_colors_info=\u00a0\u00bb{}\u00a0\u00bb][\/wdcl_image_carousel_child][wdcl_image_carousel_child admin_title=\u00a0\u00bbSaint Francois Sales\u00a0\u00bb photo=\u00a0\u00bbhttps:\/\/www.lespetitsbaroudeurs.com\/evenements\/wp-content\/uploads\/2023\/11\/saint-francois-logo-partenaire.png\u00a0\u00bb _builder_version=\u00a0\u00bb4.23.1&Prime; _module_preset=\u00a0\u00bbdefault\u00a0\u00bb link_option_url=\u00a0\u00bbhttps:\/\/www.mairiedesaintfrancoisdesales.fr\/\u00a0\u00bb link_option_url_new_window=\u00a0\u00bbon\u00a0\u00bb global_colors_info=\u00a0\u00bb{}\u00a0\u00bb][\/wdcl_image_carousel_child][wdcl_image_carousel_child admin_title=\u00a0\u00bbSavoie Grand Revard\u00a0\u00bb photo=\u00a0\u00bbhttps:\/\/www.lespetitsbaroudeurs.com\/evenements\/wp-content\/uploads\/2023\/11\/savoie-grand-revard-logo-partenaire.jpg\u00a0\u00bb _builder_version=\u00a0\u00bb4.23.1&Prime; _module_preset=\u00a0\u00bbdefault\u00a0\u00bb link_option_url=\u00a0\u00bbhttps:\/\/www.savoiegrandrevard.com\u00a0\u00bb link_option_url_new_window=\u00a0\u00bbon\u00a0\u00bb global_colors_info=\u00a0\u00bb{}\u00a0\u00bb][\/wdcl_image_carousel_child][wdcl_image_carousel_child admin_title=\u00a0\u00bbThermarest\u00a0\u00bb photo=\u00a0\u00bbhttps:\/\/www.lespetitsbaroudeurs.com\/evenements\/wp-content\/uploads\/2026\/03\/Thermarest-2.jpg\u00a0\u00bb _builder_version=\u00a0\u00bb4.27.4&Prime; _module_preset=\u00a0\u00bbdefault\u00a0\u00bb link_option_url_new_window=\u00a0\u00bbon\u00a0\u00bb global_colors_info=\u00a0\u00bb{}\u00a0\u00bb][\/wdcl_image_carousel_child][wdcl_image_carousel_child admin_title=\u00a0\u00bbThule \u00a0\u00bb photo=\u00a0\u00bbhttps:\/\/www.lespetitsbaroudeurs.com\/evenements\/wp-content\/uploads\/2026\/03\/Thule.jpg\u00a0\u00bb _builder_version=\u00a0\u00bb4.27.4&Prime; _module_preset=\u00a0\u00bbdefault\u00a0\u00bb link_option_url=\u00a0\u00bbhttps:\/\/www.thule.com\/fr-fr\/\u00a0\u00bb link_option_url_new_window=\u00a0\u00bbon\u00a0\u00bb global_colors_info=\u00a0\u00bb{}\u00a0\u00bb][\/wdcl_image_carousel_child][wdcl_image_carousel_child admin_title=\u00a0\u00bbTome des Bauges\u00a0\u00bb photo=\u00a0\u00bbhttps:\/\/www.lespetitsbaroudeurs.com\/evenements\/wp-content\/uploads\/2024\/06\/logo-tome-des-bauges-20&#215;20-bon.jpg\u00a0\u00bb _builder_version=\u00a0\u00bb4.25.0&Prime; _module_preset=\u00a0\u00bbdefault\u00a0\u00bb link_option_url=\u00a0\u00bbhttps:\/\/www.tome-des-bauges.com\/\u00a0\u00bb link_option_url_new_window=\u00a0\u00bbon\u00a0\u00bb global_colors_info=\u00a0\u00bb{}\u00a0\u00bb][\/wdcl_image_carousel_child][wdcl_image_carousel_child admin_title=\u00a0\u00bbtoyboard\u00a0\u00bb photo=\u00a0\u00bbhttps:\/\/www.lespetitsbaroudeurs.com\/evenements\/wp-content\/uploads\/2024\/04\/logos-partenaires-site-web-events2.png\u00a0\u00bb _builder_version=\u00a0\u00bb4.23.4&Prime; _module_preset=\u00a0\u00bbdefault\u00a0\u00bb link_option_url=\u00a0\u00bbhttps:\/\/www.toyboard.fr\/fr\/\u00a0\u00bb link_option_url_new_window=\u00a0\u00bbon\u00a0\u00bb global_colors_info=\u00a0\u00bb{}\u00a0\u00bb][\/wdcl_image_carousel_child][wdcl_image_carousel_child admin_title=\u00a0\u00bbVilac \u00a0\u00bb photo=\u00a0\u00bbhttps:\/\/www.lespetitsbaroudeurs.com\/evenements\/wp-content\/uploads\/2026\/03\/Vilac.jpg\u00a0\u00bb _builder_version=\u00a0\u00bb4.27.4&Prime; _module_preset=\u00a0\u00bbdefault\u00a0\u00bb link_option_url=\u00a0\u00bbhttps:\/\/www.vilac.com\u00a0\u00bb link_option_url_new_window=\u00a0\u00bbon\u00a0\u00bb global_colors_info=\u00a0\u00bb{}\u00a0\u00bb][\/wdcl_image_carousel_child][\/wdcl_image_carousel][\/et_pb_column][\/et_pb_row][\/et_pb_section][et_pb_section fb_built=\u00a0\u00bb1&Prime; admin_label=\u00a0\u00bbInscription NL\u00a0\u00bb _builder_version=\u00a0\u00bb4.23.1&Prime; _module_preset=\u00a0\u00bbdefault\u00a0\u00bb background_color=\u00a0\u00bb#C66D44&Prime; background_enable_image=\u00a0\u00bboff\u00a0\u00bb min_height=\u00a0\u00bb100px\u00a0\u00bb min_height_tablet=\u00a0\u00bb100px\u00a0\u00bb min_height_phone=\u00a0\u00bb100px\u00a0\u00bb min_height_last_edited=\u00a0\u00bbon|phone\u00a0\u00bb custom_margin=\u00a0\u00bb0px||0px||false|false\u00a0\u00bb custom_margin_tablet=\u00a0\u00bb0px||0px||false|false\u00a0\u00bb custom_margin_phone=\u00a0\u00bb||||false|false\u00a0\u00bb custom_margin_last_edited=\u00a0\u00bbon|phone\u00a0\u00bb custom_padding=\u00a0\u00bb20px||20px||false|false\u00a0\u00bb saved_tabs=\u00a0\u00bball\u00a0\u00bb global_colors_info=\u00a0\u00bb{}\u00a0\u00bb][et_pb_row _builder_version=\u00a0\u00bb4.23.1&Prime; _module_preset=\u00a0\u00bbdefault\u00a0\u00bb background_image=\u00a0\u00bbhttps:\/\/www.lespetitsbaroudeurs.com\/evenements\/wp-content\/uploads\/2023\/11\/BG-Doodles-sans-fond-NL.png\u00a0\u00bb custom_margin=\u00a0\u00bb0px||0px||false|false\u00a0\u00bb custom_padding=\u00a0\u00bb0px||0px||false|false\u00a0\u00bb global_colors_info=\u00a0\u00bb{}\u00a0\u00bb][et_pb_column type=\u00a0\u00bb4_4&Prime; _builder_version=\u00a0\u00bb4.23.1&Prime; _module_preset=\u00a0\u00bbdefault\u00a0\u00bb global_colors_info=\u00a0\u00bb{}\u00a0\u00bb][et_pb_text _builder_version=\u00a0\u00bb4.23.1&Prime; _module_preset=\u00a0\u00bbdefault\u00a0\u00bb text_font_size=\u00a0\u00bb22px\u00a0\u00bb text_line_height=\u00a0\u00bb1.2em\u00a0\u00bb custom_margin=\u00a0\u00bb20px||3px||false|false\u00a0\u00bb custom_margin_tablet=\u00a0\u00bb\u00a0\u00bb custom_margin_phone=\u00a0\u00bb||0px||false|false\u00a0\u00bb custom_margin_last_edited=\u00a0\u00bbon|desktop\u00a0\u00bb custom_padding=\u00a0\u00bb0px||||false|false\u00a0\u00bb text_font_size_tablet=\u00a0\u00bb21px\u00a0\u00bb text_font_size_phone=\u00a0\u00bb17px\u00a0\u00bb text_font_size_last_edited=\u00a0\u00bbon|phone\u00a0\u00bb global_module=\u00a0\u00bb1140&Prime; saved_tabs=\u00a0\u00bball\u00a0\u00bb global_colors_info=\u00a0\u00bb{}\u00a0\u00bb]<\/p>\n<p style=\"text-align: center;\"><span style=\"color: #ffffff;\">Pour recevoir toutes les infos, abonnez-vous \u00e0 la newsletter :<\/span><\/p>\n<p>[\/et_pb_text][et_pb_code _builder_version=\u00a0\u00bb4.23.1&Prime; _module_preset=\u00a0\u00bbdefault\u00a0\u00bb text_orientation=\u00a0\u00bbcenter\u00a0\u00bb global_colors_info=\u00a0\u00bb{}\u00a0\u00bb]<\/p>\n<div class=\"klaviyo-form-VQSC8q\"><\/div>\n<p><!-- [et_pb_line_break_holder] -->[\/et_pb_code][\/et_pb_column][\/et_pb_row][\/et_pb_section]<\/p>\n","protected":false},"excerpt":{"rendered":"<p>Festival les petits baroudeursChamb\u00e9ry montagneSdu 4 au 6 juillet 2026L\u2019aventure en famille en pleine nature \u00e0 la montagneLes 3 premiers jours des vacances scolaires d&rsquo;\u00e9t\u00e9, on vous propose de s&rsquo;\u00e9vader en famille en Savoie.Direction le plateau nordique de Saint-Fran\u00e7ois-de-Sales \u00e0 1200 m dans une for\u00eat d&rsquo;\u00e9pic\u00e9as au coeur du Parc Naturel R\u00e9gional du Massif des [&hellip;]<\/p>\n","protected":false},"author":1,"featured_media":0,"parent":0,"menu_order":1,"comment_status":"closed","ping_status":"closed","template":"","meta":{"_et_pb_use_builder":"on","_et_pb_old_content":"","_et_gb_content_width":"","footnotes":""},"class_list":["post-101","page","type-page","status-publish","hentry"],"_links":{"self":[{"href":"https:\/\/www.lespetitsbaroudeurs.com\/evenements\/wp-json\/wp\/v2\/pages\/101","targetHints":{"allow":["GET"]}}],"collection":[{"href":"https:\/\/www.lespetitsbaroudeurs.com\/evenements\/wp-json\/wp\/v2\/pages"}],"about":[{"href":"https:\/\/www.lespetitsbaroudeurs.com\/evenements\/wp-json\/wp\/v2\/types\/page"}],"author":[{"embeddable":true,"href":"https:\/\/www.lespetitsbaroudeurs.com\/evenements\/wp-json\/wp\/v2\/users\/1"}],"replies":[{"embeddable":true,"href":"https:\/\/www.lespetitsbaroudeurs.com\/evenements\/wp-json\/wp\/v2\/comments?post=101"}],"version-history":[{"count":119,"href":"https:\/\/www.lespetitsbaroudeurs.com\/evenements\/wp-json\/wp\/v2\/pages\/101\/revisions"}],"predecessor-version":[{"id":157361,"href":"https:\/\/www.lespetitsbaroudeurs.com\/evenements\/wp-json\/wp\/v2\/pages\/101\/revisions\/157361"}],"wp:attachment":[{"href":"https:\/\/www.lespetitsbaroudeurs.com\/evenements\/wp-json\/wp\/v2\/media?parent=101"}],"curies":[{"name":"wp","href":"https:\/\/api.w.org\/{rel}","templated":true}]}}