{"id":58771,"date":"2024-11-18T12:45:15","date_gmt":"2024-11-18T11:45:15","guid":{"rendered":"https:\/\/www.lespetitsbaroudeurs.com\/evenements\/?page_id=58771"},"modified":"2026-01-23T10:51:21","modified_gmt":"2026-01-23T09:51:21","slug":"loire-tarifs-reservations","status":"publish","type":"page","link":"https:\/\/www.lespetitsbaroudeurs.com\/evenements\/loire-tarifs-reservations\/","title":{"rendered":"Loire &#8211; Tarifs et r\u00e9servations"},"content":{"rendered":"<p>[et_pb_section fb_built=\u00a0\u00bb1&Prime; custom_padding_last_edited=\u00a0\u00bbon|phone\u00a0\u00bb admin_label=\u00a0\u00bbHero video + titre + dates\u00a0\u00bb _builder_version=\u00a0\u00bb4.27.3&Prime; _module_preset=\u00a0\u00bbdefault\u00a0\u00bb background_enable_color=\u00a0\u00bboff\u00a0\u00bb use_background_color_gradient=\u00a0\u00bbon\u00a0\u00bb background_color_gradient_stops=\u00a0\u00bbrgba(0,0,0,0.46) 0%|rgba(198,109,68,0) 100%\u00a0\u00bb background_color_gradient_overlays_image=\u00a0\u00bbon\u00a0\u00bb background_image=\u00a0\u00bbhttps:\/\/www.lespetitsbaroudeurs.com\/evenements\/wp-content\/uploads\/2023\/12\/fille-ane.jpg\u00a0\u00bb background_enable_video_mp4=\u00a0\u00bboff\u00a0\u00bb min_height=\u00a0\u00bb750px\u00a0\u00bb min_height_tablet=\u00a0\u00bb887.2px\u00a0\u00bb min_height_phone=\u00a0\u00bb400px\u00a0\u00bb min_height_last_edited=\u00a0\u00bbon|phone\u00a0\u00bb custom_padding=\u00a0\u00bb200px||||false|false\u00a0\u00bb custom_padding_tablet=\u00a0\u00bb250px||||false|false\u00a0\u00bb custom_padding_phone=\u00a0\u00bb50px||||false|false\u00a0\u00bb bottom_divider_style=\u00a0\u00bbcurve2&Prime; bottom_divider_color=\u00a0\u00bb#FFFFFF\u00a0\u00bb background_last_edited=\u00a0\u00bboff|phone\u00a0\u00bb global_colors_info=\u00a0\u00bb{}\u00a0\u00bb][et_pb_row _builder_version=\u00a0\u00bb4.23.1&Prime; _module_preset=\u00a0\u00bbdefault\u00a0\u00bb background_color=\u00a0\u00bbRGBA(255,255,255,0)\u00a0\u00bb global_colors_info=\u00a0\u00bb{}\u00a0\u00bb][et_pb_column type=\u00a0\u00bb4_4&Prime; _builder_version=\u00a0\u00bb4.23.1&Prime; _module_preset=\u00a0\u00bbdefault\u00a0\u00bb global_colors_info=\u00a0\u00bb{}\u00a0\u00bb][et_pb_text _builder_version=\u00a0\u00bb4.27.3&Prime; _module_preset=\u00a0\u00bbdefault\u00a0\u00bb header_text_color=\u00a0\u00bb#FFFFFF\u00a0\u00bb header_font_size=\u00a0\u00bb100px\u00a0\u00bb header_line_height=\u00a0\u00bb1.1em\u00a0\u00bb header_2_text_color=\u00a0\u00bb#8bad8a\u00a0\u00bb background_color=\u00a0\u00bbRGBA(255,255,255,0)\u00a0\u00bb custom_margin=\u00a0\u00bb||0px||false|false\u00a0\u00bb text_font_size_tablet=\u00a0\u00bb\u00a0\u00bb text_font_size_phone=\u00a0\u00bb\u00a0\u00bb text_font_size_last_edited=\u00a0\u00bbon|phone\u00a0\u00bb header_font_size_tablet=\u00a0\u00bb96px\u00a0\u00bb header_font_size_phone=\u00a0\u00bb43px\u00a0\u00bb header_font_size_last_edited=\u00a0\u00bbon|phone\u00a0\u00bb header_text_shadow_style=\u00a0\u00bbpreset3&Prime; global_colors_info=\u00a0\u00bb{}\u00a0\u00bb]<\/p>\n<h1 style=\"text-align: center;\">tarifs et r\u00e9servations<br \/>Festival Gorges de la Loire<\/h1>\n<p>[\/et_pb_text][et_pb_button button_url=\u00a0\u00bbhttps:\/\/www.billetweb.fr\/festival-les-petits-baroudeurs-gorges-de-la-loire-2026&Prime; url_new_window=\u00a0\u00bbon\u00a0\u00bb button_text=\u00a0\u00bb\ud83d\udc49 BILLETTERIE\u00a0\u00bb button_alignment=\u00a0\u00bbcenter\u00a0\u00bb disabled_on=\u00a0\u00bboff|off|off\u00a0\u00bb admin_label=\u00a0\u00bbBouton s&rsquo;inscrire\u00a0\u00bb _builder_version=\u00a0\u00bb4.27.4&Prime; _module_preset=\u00a0\u00bbdefault\u00a0\u00bb button_text_color=\u00a0\u00bb#FFFFFF\u00a0\u00bb button_bg_color=\u00a0\u00bb#C66D44&Prime; button_border_width=\u00a0\u00bb2px\u00a0\u00bb button_border_radius=\u00a0\u00bb0px\u00a0\u00bb button_use_icon=\u00a0\u00bbon\u00a0\u00bb button_icon=\u00a0\u00bb&#x39;||divi||400&Prime; button_icon_color=\u00a0\u00bb#FFFFFF\u00a0\u00bb button_on_hover=\u00a0\u00bboff\u00a0\u00bb custom_margin=\u00a0\u00bb10px||||false|false\u00a0\u00bb hover_enabled=\u00a0\u00bb0&Prime; global_module=\u00a0\u00bb62568&Prime; saved_tabs=\u00a0\u00bball\u00a0\u00bb global_colors_info=\u00a0\u00bb{}\u00a0\u00bb button_text_color__hover_enabled=\u00a0\u00bbon|hover\u00a0\u00bb button_text_color__hover=\u00a0\u00bb#C66D44&Prime; button_bg_color__hover_enabled=\u00a0\u00bbon|desktop\u00a0\u00bb button_bg_color__hover=\u00a0\u00bb#FFFFFF\u00a0\u00bb button_bg_enable_color__hover=\u00a0\u00bbon\u00a0\u00bb button_border_width__hover_enabled=\u00a0\u00bbon|hover\u00a0\u00bb button_border_color__hover_enabled=\u00a0\u00bbon|hover\u00a0\u00bb button_border_color__hover=\u00a0\u00bb#C66D44&Prime; button_border_width__hover=\u00a0\u00bb2px\u00a0\u00bb sticky_enabled=\u00a0\u00bb0&Prime;][\/et_pb_button][\/et_pb_column][\/et_pb_row][\/et_pb_section][et_pb_section fb_built=\u00a0\u00bb1&Prime; admin_label=\u00a0\u00bbFLPB CM Intro + 5 bonnes raisons\u00a0\u00bb _builder_version=\u00a0\u00bb4.23.1&Prime; _module_preset=\u00a0\u00bbdefault\u00a0\u00bb background_enable_image=\u00a0\u00bboff\u00a0\u00bb custom_padding=\u00a0\u00bb20px||20px||false|false\u00a0\u00bb global_colors_info=\u00a0\u00bb{}\u00a0\u00bb][et_pb_row disabled_on=\u00a0\u00bbon|on|on\u00a0\u00bb admin_label=\u00a0\u00bbIntro\u00a0\u00bb _builder_version=\u00a0\u00bb4.27.4&Prime; _module_preset=\u00a0\u00bbdefault\u00a0\u00bb hover_enabled=\u00a0\u00bb0&Prime; global_module=\u00a0\u00bb52875&Prime; saved_tabs=\u00a0\u00bball\u00a0\u00bb global_colors_info=\u00a0\u00bb{}\u00a0\u00bb disabled=\u00a0\u00bbon\u00a0\u00bb sticky_enabled=\u00a0\u00bb0&Prime;][et_pb_column type=\u00a0\u00bb4_4&Prime; _builder_version=\u00a0\u00bb4.23.1&Prime; _module_preset=\u00a0\u00bbdefault\u00a0\u00bb global_colors_info=\u00a0\u00bb{}\u00a0\u00bb][et_pb_text _builder_version=\u00a0\u00bb4.23.2&Prime; _module_preset=\u00a0\u00bbdefault\u00a0\u00bb header_2_text_color=\u00a0\u00bb#8bad8a\u00a0\u00bb header_2_font_size=\u00a0\u00bb47px\u00a0\u00bb header_2_line_height=\u00a0\u00bb0.95em\u00a0\u00bb header_2_font_size_tablet=\u00a0\u00bb47px\u00a0\u00bb header_2_font_size_phone=\u00a0\u00bb32px\u00a0\u00bb header_2_font_size_last_edited=\u00a0\u00bbon|phone\u00a0\u00bb global_colors_info=\u00a0\u00bb{}\u00a0\u00bb]<\/p>\n<h2 style=\"text-align: center;\">La billetterie en ligne du festival<\/h2>\n<p>[\/et_pb_text][et_pb_text disabled_on=\u00a0\u00bboff|off|off\u00a0\u00bb _builder_version=\u00a0\u00bb4.27.4&Prime; _module_preset=\u00a0\u00bbdefault\u00a0\u00bb text_font_size=\u00a0\u00bb21px\u00a0\u00bb text_line_height=\u00a0\u00bb1.2em\u00a0\u00bb header_2_text_color=\u00a0\u00bb#8bad8a\u00a0\u00bb text_font_size_tablet=\u00a0\u00bb21px\u00a0\u00bb text_font_size_phone=\u00a0\u00bb17px\u00a0\u00bb text_font_size_last_edited=\u00a0\u00bbon|phone\u00a0\u00bb global_colors_info=\u00a0\u00bb{}\u00a0\u00bb]<\/p>\n<p style=\"text-align: center;\"><strong>Ouverture de la billetterie le 21 janvier 2026<\/strong><em><\/em><\/p>\n<p style=\"text-align: center;\">Pour recevoir un <strong>rappel<\/strong> par email le jour de l&rsquo;<strong>ouverture<\/strong> des inscriptions, les <strong>actus<\/strong> et <strong>bons<\/strong> <strong>plans<\/strong> de la communaut\u00e9 des Petits Baroudeurs inscrivez-vous \u00e0 la <strong><a href=\"#nlmontagne\">newsletter<\/a><\/strong><\/p>\n<p>[\/et_pb_text][et_pb_button button_url=\u00a0\u00bb#nlmontagne\u00a0\u00bb button_text=\u00a0\u00bbJe veux \u00eatre pr\u00e9venu(e) de l&rsquo;ouverture de la billetterie\u00a0\u00bb button_alignment=\u00a0\u00bbcenter\u00a0\u00bb disabled_on=\u00a0\u00bboff|off|off\u00a0\u00bb _builder_version=\u00a0\u00bb4.27.2&Prime; _module_preset=\u00a0\u00bbdefault\u00a0\u00bb button_text_color=\u00a0\u00bb#FFFFFF\u00a0\u00bb button_bg_color=\u00a0\u00bb#C66D44&Prime; button_border_width=\u00a0\u00bb2px\u00a0\u00bb button_border_color=\u00a0\u00bb#C66D44&Prime; button_use_icon=\u00a0\u00bbon\u00a0\u00bb button_icon=\u00a0\u00bb&#x39;||divi||400&Prime; button_icon_color=\u00a0\u00bb#FFFFFF\u00a0\u00bb button_on_hover=\u00a0\u00bboff\u00a0\u00bb button_text_size_last_edited=\u00a0\u00bboff|desktop\u00a0\u00bb global_colors_info=\u00a0\u00bb{}\u00a0\u00bb button_text_size__hover_enabled=\u00a0\u00bbon|hover\u00a0\u00bb button_border_width__hover_enabled=\u00a0\u00bbon|hover\u00a0\u00bb button_border_width__hover=\u00a0\u00bb2px\u00a0\u00bb button_icon_color__hover_enabled=\u00a0\u00bbon|hover\u00a0\u00bb button_icon_color__hover=\u00a0\u00bb#C66D44&Prime; button_bg_color__hover_enabled=\u00a0\u00bbon|hover\u00a0\u00bb button_bg_color__hover=\u00a0\u00bb#FFFFFF\u00a0\u00bb button_bg_enable_color__hover=\u00a0\u00bbon\u00a0\u00bb button_text_color__hover_enabled=\u00a0\u00bbon|desktop\u00a0\u00bb button_text_color__hover=\u00a0\u00bb#C66D44&Prime;][\/et_pb_button][\/et_pb_column][\/et_pb_row][\/et_pb_section][et_pb_section fb_built=\u00a0\u00bb1&Prime; admin_label=\u00a0\u00bbFLPB CM Intro + 5 bonnes raisons\u00a0\u00bb _builder_version=\u00a0\u00bb4.23.1&Prime; _module_preset=\u00a0\u00bbdefault\u00a0\u00bb background_enable_image=\u00a0\u00bboff\u00a0\u00bb custom_padding=\u00a0\u00bb20px||20px||false|false\u00a0\u00bb global_colors_info=\u00a0\u00bb{}\u00a0\u00bb][et_pb_row disabled_on=\u00a0\u00bboff|off|off\u00a0\u00bb admin_label=\u00a0\u00bbIntro\u00a0\u00bb _builder_version=\u00a0\u00bb4.27.4&Prime; _module_preset=\u00a0\u00bbdefault\u00a0\u00bb hover_enabled=\u00a0\u00bb0&Prime; global_colors_info=\u00a0\u00bb{}\u00a0\u00bb sticky_enabled=\u00a0\u00bb0&Prime;][et_pb_column type=\u00a0\u00bb4_4&Prime; _builder_version=\u00a0\u00bb4.23.1&Prime; _module_preset=\u00a0\u00bbdefault\u00a0\u00bb global_colors_info=\u00a0\u00bb{}\u00a0\u00bb][et_pb_text _builder_version=\u00a0\u00bb4.23.2&Prime; _module_preset=\u00a0\u00bbdefault\u00a0\u00bb header_2_text_color=\u00a0\u00bb#789596&Prime; header_2_font_size=\u00a0\u00bb47px\u00a0\u00bb header_2_line_height=\u00a0\u00bb0.95em\u00a0\u00bb header_2_font_size_tablet=\u00a0\u00bb47px\u00a0\u00bb header_2_font_size_phone=\u00a0\u00bb32px\u00a0\u00bb header_2_font_size_last_edited=\u00a0\u00bbon|phone\u00a0\u00bb global_colors_info=\u00a0\u00bb{}\u00a0\u00bb]<\/p>\n<h2 style=\"text-align: center;\">La billetterie en ligne du festival<\/h2>\n<p>[\/et_pb_text][et_pb_text _builder_version=\u00a0\u00bb4.23.4&Prime; _module_preset=\u00a0\u00bbdefault\u00a0\u00bb text_font_size=\u00a0\u00bb21px\u00a0\u00bb text_line_height=\u00a0\u00bb1.2em\u00a0\u00bb header_2_text_color=\u00a0\u00bb#789596&Prime; text_font_size_tablet=\u00a0\u00bb21px\u00a0\u00bb text_font_size_phone=\u00a0\u00bb17px\u00a0\u00bb text_font_size_last_edited=\u00a0\u00bbon|phone\u00a0\u00bb global_colors_info=\u00a0\u00bb{}\u00a0\u00bb]<\/p>\n<p style=\"text-align: center;\">Pour venir au Festival, <strong><a href=\"https:\/\/www.billetweb.fr\/festival-les-petits-baroudeurs-ocean-2024\" target=\"_blank\" rel=\"noopener\">inscrivez-vous en ligne<\/a><\/strong>.<br \/>Le nombre de places est limit\u00e9 et on vous conseille de ne pas trop tarder \ud83d\ude09<\/p>\n<p>[\/et_pb_text][et_pb_button button_url=\u00a0\u00bbhttps:\/\/www.billetweb.fr\/festival-les-petits-baroudeurs-gorges-de-la-loire-2026&Prime; url_new_window=\u00a0\u00bbon\u00a0\u00bb button_text=\u00a0\u00bb\ud83d\udc49 BILLETTERIE\u00a0\u00bb button_alignment=\u00a0\u00bbcenter\u00a0\u00bb disabled_on=\u00a0\u00bboff|off|off\u00a0\u00bb admin_label=\u00a0\u00bbBouton s&rsquo;inscrire\u00a0\u00bb _builder_version=\u00a0\u00bb4.27.4&Prime; _module_preset=\u00a0\u00bbdefault\u00a0\u00bb button_text_color=\u00a0\u00bb#FFFFFF\u00a0\u00bb button_bg_color=\u00a0\u00bb#C66D44&Prime; button_border_width=\u00a0\u00bb2px\u00a0\u00bb button_border_radius=\u00a0\u00bb0px\u00a0\u00bb button_use_icon=\u00a0\u00bbon\u00a0\u00bb button_icon=\u00a0\u00bb&#x39;||divi||400&Prime; button_icon_color=\u00a0\u00bb#FFFFFF\u00a0\u00bb button_on_hover=\u00a0\u00bboff\u00a0\u00bb custom_margin=\u00a0\u00bb10px||||false|false\u00a0\u00bb hover_enabled=\u00a0\u00bb0&Prime; global_module=\u00a0\u00bb62568&Prime; saved_tabs=\u00a0\u00bball\u00a0\u00bb global_colors_info=\u00a0\u00bb{}\u00a0\u00bb button_text_color__hover_enabled=\u00a0\u00bbon|hover\u00a0\u00bb button_text_color__hover=\u00a0\u00bb#C66D44&Prime; button_bg_color__hover_enabled=\u00a0\u00bbon|desktop\u00a0\u00bb button_bg_color__hover=\u00a0\u00bb#FFFFFF\u00a0\u00bb button_bg_enable_color__hover=\u00a0\u00bbon\u00a0\u00bb button_border_width__hover_enabled=\u00a0\u00bbon|hover\u00a0\u00bb button_border_color__hover_enabled=\u00a0\u00bbon|hover\u00a0\u00bb button_border_color__hover=\u00a0\u00bb#C66D44&Prime; button_border_width__hover=\u00a0\u00bb2px\u00a0\u00bb sticky_enabled=\u00a0\u00bb0&Prime;][\/et_pb_button][\/et_pb_column][\/et_pb_row][et_pb_row disabled_on=\u00a0\u00bboff|off|off\u00a0\u00bb admin_label=\u00a0\u00bbIntro\u00a0\u00bb _builder_version=\u00a0\u00bb4.27.3&Prime; _module_preset=\u00a0\u00bbdefault\u00a0\u00bb global_colors_info=\u00a0\u00bb{}\u00a0\u00bb][et_pb_column type=\u00a0\u00bb4_4&Prime; _builder_version=\u00a0\u00bb4.23.1&Prime; _module_preset=\u00a0\u00bbdefault\u00a0\u00bb global_colors_info=\u00a0\u00bb{}\u00a0\u00bb][et_pb_text _builder_version=\u00a0\u00bb4.27.4&Prime; _module_preset=\u00a0\u00bbdefault\u00a0\u00bb header_2_text_color=\u00a0\u00bb#789596&Prime; custom_padding=\u00a0\u00bb||1px|||\u00a0\u00bb global_colors_info=\u00a0\u00bb{}\u00a0\u00bb]<\/p>\n<h3>Tarifs 2026<\/h3>\n<table style=\"border-collapse: collapse; width: 100%;\" border=\"1\">\n<tbody>\n<tr>\n<td style=\"width: 23.3662%;\"><\/td>\n<td style=\"width: 10.0036%; text-align: center;\">Adulte<\/td>\n<td style=\"width: 10.0948%; text-align: center;\">Enfant<br \/><em>(3 ans et +)<\/em><\/td>\n<td style=\"width: 56.5352%; text-align: center;\">Le tarif comprend<\/td>\n<\/tr>\n<tr>\n<td style=\"width: 23.3662%;\"><strong>La Grande Aventure<\/strong><br \/><em>(du sam. 11 au lundi 13 juillet)<\/em><\/td>\n<td style=\"width: 10.0036%; text-align: center;\">219 \u20ac<\/td>\n<td style=\"width: 10.0948%; text-align: center;\">110 \u20ac<\/td>\n<td style=\"width: 56.5352%; text-align: center;\">\n<ul>\n<li style=\"text-align: left;\">acc\u00e8s Camp de Base<\/li>\n<li style=\"text-align: left;\">activit\u00e9s (sorties, ateliers, d\u00e9couvertes &amp; jeux, animations et soir\u00e9e)<\/li>\n<li style=\"text-align: left;\">1 empl. bivouac tente ou van 2 nuits<\/li>\n<li style=\"text-align: left;\">2 d\u00eeners casse-cro\u00fbte<\/li>\n<\/ul>\n<\/td>\n<\/tr>\n<tr>\n<td style=\"width: 23.3662%;\"><strong>La Petite Aventure <\/strong><br \/><em>(1 jour au choix sam. 11, dim12, ou lundi 13 juillet &#8211; 9h &gt; 18h)<\/em><\/td>\n<td style=\"width: 10.0036%; text-align: center;\">33 \u20ac<\/td>\n<td style=\"width: 10.0948%; text-align: center;\">22 \u20ac<\/td>\n<td style=\"width: 56.5352%; text-align: center;\">\n<ul>\n<li style=\"text-align: left;\">acc\u00e8s Camp de Base<\/li>\n<li style=\"text-align: left;\">activit\u00e9s (ateliers, d\u00e9couvertes &amp; jeux, animations)<\/li>\n<\/ul>\n<\/td>\n<\/tr>\n<tr>\n<td style=\"width: 23.3662%;\"><strong>La Soir\u00e9e<\/strong><br \/><em>(1 soir\u00e9e au choix sam. 11 ou dim12 juillet &#8211; 19h &gt; 23h)<\/em><\/td>\n<td style=\"width: 10.0036%; text-align: center;\">33 \u20ac<\/td>\n<td style=\"width: 10.0948%; text-align: center;\">22 \u20ac<\/td>\n<td style=\"width: 56.5352%; text-align: center;\">\n<ul>\n<li style=\"text-align: left;\">acc\u00e8s Camp de Base<\/li>\n<li style=\"text-align: left;\">rencontres (r\u00e9cits d&rsquo;aventures \/ projections), veill\u00e9e et animations<\/li>\n<li style=\"text-align: left;\">1 d\u00eener casse-cro\u00fbte<\/li>\n<\/ul>\n<\/td>\n<\/tr>\n<\/tbody>\n<\/table>\n<p>\ud83e\udd8a L&rsquo;acc\u00e8s au festival est <strong>gratuit<\/strong> pour les <strong>&#8211; de 3 ans<\/strong><\/p>\n<p>[\/et_pb_text][et_pb_text disabled_on=\u00a0\u00bbon|on|on\u00a0\u00bb _builder_version=\u00a0\u00bb4.27.3&Prime; _module_preset=\u00a0\u00bbdefault\u00a0\u00bb disabled=\u00a0\u00bbon\u00a0\u00bb global_module=\u00a0\u00bb69587&Prime; saved_tabs=\u00a0\u00bball\u00a0\u00bb global_colors_info=\u00a0\u00bb{}\u00a0\u00bb]<\/p>\n<p>\ud83e\udd89Early Birds ! R\u00e9servez La Grande Aventure <strong>avant le 12 janvier 2025<\/strong> et \u00e9conomisez <strong>5%<\/strong> sur La Grande Aventure avec le code <strong>EARLYBIRDS25<\/strong><\/p>\n<p>[\/et_pb_text][et_pb_button button_url=\u00a0\u00bbhttps:\/\/www.billetweb.fr\/festival-les-petits-baroudeurs-gorges-de-la-loire-2026&Prime; url_new_window=\u00a0\u00bbon\u00a0\u00bb button_text=\u00a0\u00bb\ud83d\udc49 BILLETTERIE\u00a0\u00bb button_alignment=\u00a0\u00bbcenter\u00a0\u00bb disabled_on=\u00a0\u00bboff|off|off\u00a0\u00bb admin_label=\u00a0\u00bbBouton s&rsquo;inscrire\u00a0\u00bb _builder_version=\u00a0\u00bb4.27.4&Prime; _module_preset=\u00a0\u00bbdefault\u00a0\u00bb button_text_color=\u00a0\u00bb#FFFFFF\u00a0\u00bb button_bg_color=\u00a0\u00bb#C66D44&Prime; button_border_width=\u00a0\u00bb2px\u00a0\u00bb button_border_radius=\u00a0\u00bb0px\u00a0\u00bb button_use_icon=\u00a0\u00bbon\u00a0\u00bb button_icon=\u00a0\u00bb&#x39;||divi||400&Prime; button_icon_color=\u00a0\u00bb#FFFFFF\u00a0\u00bb button_on_hover=\u00a0\u00bboff\u00a0\u00bb custom_margin=\u00a0\u00bb10px||||false|false\u00a0\u00bb hover_enabled=\u00a0\u00bb0&Prime; global_module=\u00a0\u00bb62568&Prime; saved_tabs=\u00a0\u00bball\u00a0\u00bb global_colors_info=\u00a0\u00bb{}\u00a0\u00bb button_text_color__hover_enabled=\u00a0\u00bbon|hover\u00a0\u00bb button_text_color__hover=\u00a0\u00bb#C66D44&Prime; button_bg_color__hover_enabled=\u00a0\u00bbon|desktop\u00a0\u00bb button_bg_color__hover=\u00a0\u00bb#FFFFFF\u00a0\u00bb button_bg_enable_color__hover=\u00a0\u00bbon\u00a0\u00bb button_border_width__hover_enabled=\u00a0\u00bbon|hover\u00a0\u00bb button_border_color__hover_enabled=\u00a0\u00bbon|hover\u00a0\u00bb button_border_color__hover=\u00a0\u00bb#C66D44&Prime; button_border_width__hover=\u00a0\u00bb2px\u00a0\u00bb sticky_enabled=\u00a0\u00bb0&Prime;][\/et_pb_button][et_pb_text module_id=\u00a0\u00bboptions\u00a0\u00bb _builder_version=\u00a0\u00bb4.27.3&Prime; _module_preset=\u00a0\u00bbdefault\u00a0\u00bb header_2_text_color=\u00a0\u00bb#789596&Prime; custom_padding=\u00a0\u00bb||1px|||\u00a0\u00bb global_colors_info=\u00a0\u00bb{}\u00a0\u00bb]<\/p>\n<h3>Les repas optionnels \ud83c\udf7c<\/h3>\n<ul>\n<li>Petit d\u00e9j&rsquo; : 10 \u20ac\/pers.<\/li>\n<li>Panier pic-nic : 15 \u20ac\/pers. (v\u00e9g\u00e9tarien ou mangetout)<\/li>\n<\/ul>\n<p>[\/et_pb_text][et_pb_text disabled_on=\u00a0\u00bbon|on|on\u00a0\u00bb _builder_version=\u00a0\u00bb4.27.4&Prime; _module_preset=\u00a0\u00bbdefault\u00a0\u00bb header_2_text_color=\u00a0\u00bb#789596&Prime; custom_padding=\u00a0\u00bb||1px|||\u00a0\u00bb disabled=\u00a0\u00bbon\u00a0\u00bb global_colors_info=\u00a0\u00bb{}\u00a0\u00bb]<\/p>\n<h3>Bungalows toil\u00e9s\u00a0 \ud83c\udf40<\/h3>\n<p>Envie d&rsquo;un peu plus de confort tout en gardant l\u2019esprit camping ? Nous vous proposons des bungalows toil\u00e9s pour vivre au plus pr\u00e8s de la nature sans contrainte !<br \/>A r\u00e9server au moment de votre inscription, dans la limite des places disponibles<\/p>\n<p>[\/et_pb_text][et_pb_text _builder_version=\u00a0\u00bb4.27.3&Prime; _module_preset=\u00a0\u00bbdefault\u00a0\u00bb header_2_text_color=\u00a0\u00bb#789596&Prime; custom_padding=\u00a0\u00bb||1px|||\u00a0\u00bb global_colors_info=\u00a0\u00bb{}\u00a0\u00bb]<\/p>\n<h3>Les dodos optionnels\u00a0 \ud83c\udf1c<\/h3>\n<p>Vous participez \u00e0 l&rsquo;une des Soir\u00e9es et souhaitez rester dormir ou vous participez \u00e0 La Grande Aventure et aimeriez prolonger pour une ou plusieurs nuit au camping ?<br \/><em>(NB : 2 nuit\u00e9es d\u00e9j\u00e0 comprises dans La Grande Aventure)<\/em><br \/>Emplacement tente ou van pour une nuit\u00e9e \u00e0 r\u00e9server au moment de votre inscription.<\/p>\n<p>[\/et_pb_text][et_pb_text _builder_version=\u00a0\u00bb4.27.3&Prime; _module_preset=\u00a0\u00bbdefault\u00a0\u00bb header_2_text_color=\u00a0\u00bb#789596&Prime; custom_padding=\u00a0\u00bb||1px|||\u00a0\u00bb global_colors_info=\u00a0\u00bb{}\u00a0\u00bb]<\/p>\n<h3>Matos bivouac \u26fa\ufe0f\u00a0<\/h3>\n<p>Vous n&rsquo;avez pas encore de tente et le mat\u00e9riel pour camper ?<br \/>Nous vous proposons \u00e0 la location :<\/p>\n<ul>\n<li>Tente 4 places = 70 \u20ac<\/li>\n<li>Tapis de sol = 15\u20ac\/pers.<\/li>\n<li>Sac de couchage = 20 \u20ac\/pers.<\/li>\n<li>R\u00e9chaud &amp; popotte = 45 \u20ac<\/li>\n<\/ul>\n<p>A r\u00e9server au moment de votre inscription, dans la limite des stocks disponibles.<\/p>\n<p>[\/et_pb_text][et_pb_text _builder_version=\u00a0\u00bb4.27.4&Prime; _module_preset=\u00a0\u00bbdefault\u00a0\u00bb header_2_text_color=\u00a0\u00bb#789596&Prime; custom_padding=\u00a0\u00bb||1px|||\u00a0\u00bb global_colors_info=\u00a0\u00bb{}\u00a0\u00bb]<\/p>\n<h3>R\u00e8glement des \u00e9v\u00e9nements \ud83d\udc40<\/h3>\n<p>Pour jeter un oeil au r\u00e8glement, <span style=\"text-decoration: underline;\"><a href=\"https:\/\/drive.google.com\/file\/d\/1PNFYrxe3trck1t46-zJDjIg9uUbs9ZH5\/view?usp=sharing\"><strong>c&rsquo;est par ici<\/strong><\/a><\/span><\/p>\n<ul><\/ul>\n<p>[\/et_pb_text][et_pb_button button_url=\u00a0\u00bbhttps:\/\/www.billetweb.fr\/festival-les-petits-baroudeurs-gorges-de-la-loire-2026&Prime; url_new_window=\u00a0\u00bbon\u00a0\u00bb button_text=\u00a0\u00bb\ud83d\udc49 BILLETTERIE\u00a0\u00bb button_alignment=\u00a0\u00bbcenter\u00a0\u00bb disabled_on=\u00a0\u00bboff|off|off\u00a0\u00bb admin_label=\u00a0\u00bbBouton s&rsquo;inscrire\u00a0\u00bb _builder_version=\u00a0\u00bb4.27.4&Prime; _module_preset=\u00a0\u00bbdefault\u00a0\u00bb button_text_color=\u00a0\u00bb#FFFFFF\u00a0\u00bb button_bg_color=\u00a0\u00bb#C66D44&Prime; button_border_width=\u00a0\u00bb2px\u00a0\u00bb button_border_radius=\u00a0\u00bb0px\u00a0\u00bb button_use_icon=\u00a0\u00bbon\u00a0\u00bb button_icon=\u00a0\u00bb&#x39;||divi||400&Prime; button_icon_color=\u00a0\u00bb#FFFFFF\u00a0\u00bb button_on_hover=\u00a0\u00bboff\u00a0\u00bb custom_margin=\u00a0\u00bb10px||||false|false\u00a0\u00bb hover_enabled=\u00a0\u00bb0&Prime; global_module=\u00a0\u00bb62568&Prime; saved_tabs=\u00a0\u00bball\u00a0\u00bb global_colors_info=\u00a0\u00bb{}\u00a0\u00bb button_text_color__hover_enabled=\u00a0\u00bbon|hover\u00a0\u00bb button_text_color__hover=\u00a0\u00bb#C66D44&Prime; button_bg_color__hover_enabled=\u00a0\u00bbon|desktop\u00a0\u00bb button_bg_color__hover=\u00a0\u00bb#FFFFFF\u00a0\u00bb button_bg_enable_color__hover=\u00a0\u00bbon\u00a0\u00bb button_border_width__hover_enabled=\u00a0\u00bbon|hover\u00a0\u00bb button_border_color__hover_enabled=\u00a0\u00bbon|hover\u00a0\u00bb button_border_color__hover=\u00a0\u00bb#C66D44&Prime; button_border_width__hover=\u00a0\u00bb2px\u00a0\u00bb sticky_enabled=\u00a0\u00bb0&Prime;][\/et_pb_button][\/et_pb_column][\/et_pb_row][\/et_pb_section][et_pb_section fb_built=\u00a0\u00bb1&Prime; admin_label=\u00a0\u00bbPartenaires\u00a0\u00bb _builder_version=\u00a0\u00bb4.23.1&Prime; _module_preset=\u00a0\u00bbdefault\u00a0\u00bb custom_margin_tablet=\u00a0\u00bb\u00a0\u00bb custom_margin_phone=\u00a0\u00bb||70px||false|false\u00a0\u00bb custom_margin_last_edited=\u00a0\u00bbon|phone\u00a0\u00bb global_colors_info=\u00a0\u00bb{}\u00a0\u00bb][et_pb_row _builder_version=\u00a0\u00bb4.23.1&Prime; _module_preset=\u00a0\u00bbdefault\u00a0\u00bb width_tablet=\u00a0\u00bb\u00a0\u00bb width_phone=\u00a0\u00bb100%\u00a0\u00bb width_last_edited=\u00a0\u00bbon|phone\u00a0\u00bb module_alignment=\u00a0\u00bbcenter\u00a0\u00bb min_height_tablet=\u00a0\u00bb\u00a0\u00bb min_height_phone=\u00a0\u00bb\u00a0\u00bb min_height_last_edited=\u00a0\u00bbon|phone\u00a0\u00bb custom_margin_tablet=\u00a0\u00bb\u00a0\u00bb custom_margin_phone=\u00a0\u00bb||||false|false\u00a0\u00bb custom_margin_last_edited=\u00a0\u00bbon|phone\u00a0\u00bb custom_padding=\u00a0\u00bb||||false|false\u00a0\u00bb global_module=\u00a0\u00bb1499&Prime; saved_tabs=\u00a0\u00bball\u00a0\u00bb global_colors_info=\u00a0\u00bb{}\u00a0\u00bb][et_pb_column type=\u00a0\u00bb4_4&Prime; _builder_version=\u00a0\u00bb4.23.1&Prime; _module_preset=\u00a0\u00bbdefault\u00a0\u00bb global_colors_info=\u00a0\u00bb{}\u00a0\u00bb][et_pb_text _builder_version=\u00a0\u00bb4.23.1&Prime; _module_preset=\u00a0\u00bbdefault\u00a0\u00bb text_font_size=\u00a0\u00bb22px\u00a0\u00bb text_line_height=\u00a0\u00bb1.2em\u00a0\u00bb header_2_text_color=\u00a0\u00bb#8bad8a\u00a0\u00bb custom_margin=\u00a0\u00bb||60px||false|false\u00a0\u00bb custom_padding=\u00a0\u00bb0px||||false|false\u00a0\u00bb custom_padding_tablet=\u00a0\u00bb0px||||false|false\u00a0\u00bb custom_padding_phone=\u00a0\u00bb|20px||20px|false|false\u00a0\u00bb custom_padding_last_edited=\u00a0\u00bbon|phone\u00a0\u00bb text_font_size_tablet=\u00a0\u00bb21px\u00a0\u00bb text_font_size_phone=\u00a0\u00bb17px\u00a0\u00bb text_font_size_last_edited=\u00a0\u00bbon|phone\u00a0\u00bb global_colors_info=\u00a0\u00bb{}\u00a0\u00bb]<\/p>\n<p style=\"text-align: center;\"><span style=\"font-weight: 400;\">Merci \u00e0 nos partenaires <\/span><span style=\"font-weight: 400;\">qui nous aident \u00e0 r\u00e9aliser nos r\u00eaves \ud83c\udf08<br \/><\/span><\/p>\n<p>[\/et_pb_text][wdcl_image_carousel animation_speed=\u00a0\u00bb2700ms\u00a0\u00bb nav_pagi=\u00a0\u00bbnone\u00a0\u00bb slide_spacing=\u00a0\u00bb22px\u00a0\u00bb slide_count_tablet=\u00a0\u00bb\u00a0\u00bb slide_count_phone=\u00a0\u00bb1&Prime; slide_count_last_edited=\u00a0\u00bbon|phone\u00a0\u00bb admin_label=\u00a0\u00bbtoyboard\u00a0\u00bb _builder_version=\u00a0\u00bb4.27.4&Prime; _module_preset=\u00a0\u00bbdefault\u00a0\u00bb background_color=\u00a0\u00bbRGBA(255,255,255,0)\u00a0\u00bb width=\u00a0\u00bb71%\u00a0\u00bb module_alignment=\u00a0\u00bbcenter\u00a0\u00bb custom_margin=\u00a0\u00bb-41px||0px||false|false\u00a0\u00bb custom_padding=\u00a0\u00bb|0px||0px|false|false\u00a0\u00bb custom_padding_tablet=\u00a0\u00bb|0px||0px|false|false\u00a0\u00bb custom_padding_phone=\u00a0\u00bb0px|50px|0px|50px|false|false\u00a0\u00bb custom_padding_last_edited=\u00a0\u00bbon|phone\u00a0\u00bb filter_saturate=\u00a0\u00bb0%\u00a0\u00bb filter_opacity=\u00a0\u00bb63%\u00a0\u00bb global_colors_info=\u00a0\u00bb{}\u00a0\u00bb][wdcl_image_carousel_child admin_title=\u00a0\u00bbAlpina\u00a0\u00bb photo=\u00a0\u00bbhttps:\/\/www.lespetitsbaroudeurs.com\/evenements\/wp-content\/uploads\/2025\/02\/Alpina.png\u00a0\u00bb _builder_version=\u00a0\u00bb4.27.3&Prime; _module_preset=\u00a0\u00bbdefault\u00a0\u00bb link_option_url=\u00a0\u00bbhttps:\/\/www.alpina-savoie.com\/\u00a0\u00bb link_option_url_new_window=\u00a0\u00bbon\u00a0\u00bb global_colors_info=\u00a0\u00bb{}\u00a0\u00bb][\/wdcl_image_carousel_child][wdcl_image_carousel_child admin_title=\u00a0\u00bbAllibert\u00a0\u00bb photo=\u00a0\u00bbhttps:\/\/www.lespetitsbaroudeurs.com\/evenements\/wp-content\/uploads\/2023\/11\/alliberttrekking-logo-partenaire.png\u00a0\u00bb _builder_version=\u00a0\u00bb4.23.1&Prime; _module_preset=\u00a0\u00bbdefault\u00a0\u00bb link_option_url=\u00a0\u00bbhttps:\/\/www.allibert-trekking.com\/\u00a0\u00bb link_option_url_new_window=\u00a0\u00bbon\u00a0\u00bb global_colors_info=\u00a0\u00bb{}\u00a0\u00bb][\/wdcl_image_carousel_child][wdcl_image_carousel_child admin_title=\u00a0\u00bbCampings Sites &#038; Paysages\u00a0\u00bb photo=\u00a0\u00bbhttps:\/\/www.lespetitsbaroudeurs.com\/evenements\/wp-content\/uploads\/2025\/11\/Campings-Sites-Paysages.png\u00a0\u00bb _builder_version=\u00a0\u00bb4.27.4&Prime; _module_preset=\u00a0\u00bbdefault\u00a0\u00bb link_option_url=\u00a0\u00bbhttps:\/\/www.sites-et-paysages.com\/\u00a0\u00bb link_option_url_new_window=\u00a0\u00bbon\u00a0\u00bb global_colors_info=\u00a0\u00bb{}\u00a0\u00bb][\/wdcl_image_carousel_child][wdcl_image_carousel_child admin_title=\u00a0\u00bbCC MVelay R\u00a0\u00bb photo=\u00a0\u00bbhttps:\/\/www.lespetitsbaroudeurs.com\/evenements\/wp-content\/uploads\/2024\/12\/CC-Marches-du-Velay-Rochebaron.png\u00a0\u00bb _builder_version=\u00a0\u00bb4.27.3&Prime; _module_preset=\u00a0\u00bbdefault\u00a0\u00bb link_option_url=\u00a0\u00bbhttps:\/\/www.marchesduvelayrochebaron.fr\/\u00a0\u00bb link_option_url_new_window=\u00a0\u00bbon\u00a0\u00bb global_colors_info=\u00a0\u00bb{}\u00a0\u00bb][\/wdcl_image_carousel_child][wdcl_image_carousel_child admin_title=\u00a0\u00bbColumbia\u00a0\u00bb photo=\u00a0\u00bbhttps:\/\/www.lespetitsbaroudeurs.com\/evenements\/wp-content\/uploads\/2025\/02\/Columbia.png\u00a0\u00bb _builder_version=\u00a0\u00bb4.27.3&Prime; _module_preset=\u00a0\u00bbdefault\u00a0\u00bb link_option_url=\u00a0\u00bbhttps:\/\/www.columbiasportswear.fr\/\u00a0\u00bb link_option_url_new_window=\u00a0\u00bbon\u00a0\u00bb global_colors_info=\u00a0\u00bb{}\u00a0\u00bb][\/wdcl_image_carousel_child][wdcl_image_carousel_child admin_title=\u00a0\u00bbGorges de la Loire\u00a0\u00bb photo=\u00a0\u00bbhttps:\/\/www.lespetitsbaroudeurs.com\/evenements\/wp-content\/uploads\/2024\/12\/Destination-Gorges-de-la-Loire.png\u00a0\u00bb _builder_version=\u00a0\u00bb4.27.3&Prime; _module_preset=\u00a0\u00bbdefault\u00a0\u00bb link_option_url=\u00a0\u00bbhttps:\/\/www.gorgesdelaloire.fr\/\u00a0\u00bb link_option_url_new_window=\u00a0\u00bbon\u00a0\u00bb global_colors_info=\u00a0\u00bb{}\u00a0\u00bb][\/wdcl_image_carousel_child][wdcl_image_carousel_child admin_title=\u00a0\u00bbHaute Loire\u00a0\u00bb photo=\u00a0\u00bbhttps:\/\/www.lespetitsbaroudeurs.com\/evenements\/wp-content\/uploads\/2025\/02\/Haute-Loire.png\u00a0\u00bb _builder_version=\u00a0\u00bb4.27.3&Prime; _module_preset=\u00a0\u00bbdefault\u00a0\u00bb link_option_url=\u00a0\u00bbhttps:\/\/www.myhauteloire.fr\/\u00a0\u00bb link_option_url_new_window=\u00a0\u00bbon\u00a0\u00bb global_colors_info=\u00a0\u00bb{}\u00a0\u00bb][\/wdcl_image_carousel_child][wdcl_image_carousel_child admin_title=\u00a0\u00bbMaped\u00a0\u00bb photo=\u00a0\u00bbhttps:\/\/www.lespetitsbaroudeurs.com\/evenements\/wp-content\/uploads\/2024\/04\/logos-partenaires-site-web-events1.png\u00a0\u00bb overlay_bg_color=\u00a0\u00bbRGBA(255,255,255,0)\u00a0\u00bb _builder_version=\u00a0\u00bb4.23.4&Prime; _module_preset=\u00a0\u00bbdefault\u00a0\u00bb link_option_url=\u00a0\u00bbhttps:\/\/fr.maped.com\/\u00a0\u00bb link_option_url_new_window=\u00a0\u00bbon\u00a0\u00bb global_colors_info=\u00a0\u00bb{}\u00a0\u00bb][\/wdcl_image_carousel_child][wdcl_image_carousel_child admin_title=\u00a0\u00bbMCF\u00a0\u00bb photo=\u00a0\u00bbhttps:\/\/www.lespetitsbaroudeurs.com\/evenements\/wp-content\/uploads\/2024\/12\/MCF.png\u00a0\u00bb overlay_bg_color=\u00a0\u00bbRGBA(255,255,255,0)\u00a0\u00bb _builder_version=\u00a0\u00bb4.27.3&Prime; _module_preset=\u00a0\u00bbdefault\u00a0\u00bb link_option_url=\u00a0\u00bbhttps:\/\/www.moniteurcycliste.com\/\u00a0\u00bb link_option_url_new_window=\u00a0\u00bbon\u00a0\u00bb global_colors_info=\u00a0\u00bb{}\u00a0\u00bb][\/wdcl_image_carousel_child][wdcl_image_carousel_child admin_title=\u00a0\u00bbMero Mero\u00a0\u00bb photo=\u00a0\u00bbhttps:\/\/www.lespetitsbaroudeurs.com\/evenements\/wp-content\/uploads\/2025\/02\/Mero-Mero.png\u00a0\u00bb overlay_bg_color=\u00a0\u00bbRGBA(255,255,255,0)\u00a0\u00bb _builder_version=\u00a0\u00bb4.27.3&Prime; _module_preset=\u00a0\u00bbdefault\u00a0\u00bb link_option_url=\u00a0\u00bbhttps:\/\/www.meromero.fr\/\u00a0\u00bb link_option_url_new_window=\u00a0\u00bbon\u00a0\u00bb global_colors_info=\u00a0\u00bb{}\u00a0\u00bb][\/wdcl_image_carousel_child][wdcl_image_carousel_child admin_title=\u00a0\u00bbM\u00e9zam\u00e9\u00a0\u00bb photo=\u00a0\u00bbhttps:\/\/www.lespetitsbaroudeurs.com\/evenements\/wp-content\/uploads\/2025\/04\/Mezame-logo-1.png\u00a0\u00bb _builder_version=\u00a0\u00bb4.27.3&Prime; _module_preset=\u00a0\u00bbdefault\u00a0\u00bb link_option_url=\u00a0\u00bbhttps:\/\/www.mezameparis.com\/fr\/\u00a0\u00bb link_option_url_new_window=\u00a0\u00bbon\u00a0\u00bb global_colors_info=\u00a0\u00bb{}\u00a0\u00bb][\/wdcl_image_carousel_child][wdcl_image_carousel_child admin_title=\u00a0\u00bbN\u00e9obulle\u00a0\u00bb photo=\u00a0\u00bbhttps:\/\/www.lespetitsbaroudeurs.com\/evenements\/wp-content\/uploads\/2025\/04\/Neobulle.png\u00a0\u00bb _builder_version=\u00a0\u00bb4.27.3&Prime; _module_preset=\u00a0\u00bbdefault\u00a0\u00bb link_option_url=\u00a0\u00bbhttps:\/\/www.neobulle.fr\/\u00a0\u00bb link_option_url_new_window=\u00a0\u00bbon\u00a0\u00bb global_colors_info=\u00a0\u00bb{}\u00a0\u00bb][\/wdcl_image_carousel_child][wdcl_image_carousel_child admin_title=\u00a0\u00bbOT Marches du Velay Rochebaron\u00a0\u00bb photo=\u00a0\u00bbhttps:\/\/www.lespetitsbaroudeurs.com\/evenements\/wp-content\/uploads\/2024\/12\/office-de-tourisme-marche-du-velay-rochebaron-destination-gorges-de-la-loire1.png\u00a0\u00bb _builder_version=\u00a0\u00bb4.27.3&Prime; _module_preset=\u00a0\u00bbdefault\u00a0\u00bb link_option_url=\u00a0\u00bbhttps:\/\/www.gorgesdelaloire.fr\/\u00a0\u00bb link_option_url_new_window=\u00a0\u00bbon\u00a0\u00bb global_colors_info=\u00a0\u00bb{}\u00a0\u00bb][\/wdcl_image_carousel_child][wdcl_image_carousel_child admin_title=\u00a0\u00bbR\u00e9gion AURA\u00a0\u00bb photo=\u00a0\u00bbhttps:\/\/www.lespetitsbaroudeurs.com\/evenements\/wp-content\/uploads\/2025\/06\/logo-AURA.png\u00a0\u00bb _builder_version=\u00a0\u00bb4.27.3&Prime; _module_preset=\u00a0\u00bbdefault\u00a0\u00bb link_option_url=\u00a0\u00bbhttps:\/\/www.auvergnerhonealpes.fr\/\u00a0\u00bb link_option_url_new_window=\u00a0\u00bbon\u00a0\u00bb global_colors_info=\u00a0\u00bb{}\u00a0\u00bb][\/wdcl_image_carousel_child][wdcl_image_carousel_child admin_title=\u00a0\u00bbRoche Claire\u00a0\u00bb photo=\u00a0\u00bbhttps:\/\/www.lespetitsbaroudeurs.com\/evenements\/wp-content\/uploads\/2024\/04\/3.png\u00a0\u00bb _builder_version=\u00a0\u00bb4.27.3&Prime; _module_preset=\u00a0\u00bbdefault\u00a0\u00bb link_option_url=\u00a0\u00bbhttps:\/\/eau-rocheclaire.com\/\u00a0\u00bb link_option_url_new_window=\u00a0\u00bbon\u00a0\u00bb global_colors_info=\u00a0\u00bb{}\u00a0\u00bb][\/wdcl_image_carousel_child][wdcl_image_carousel_child admin_title=\u00a0\u00bbTER AURA\u00a0\u00bb photo=\u00a0\u00bbhttps:\/\/www.lespetitsbaroudeurs.com\/evenements\/wp-content\/uploads\/2025\/06\/logo-TER.png\u00a0\u00bb _builder_version=\u00a0\u00bb4.27.3&Prime; _module_preset=\u00a0\u00bbdefault\u00a0\u00bb link_option_url=\u00a0\u00bbhttps:\/\/www.ter.sncf.com\/auvergne-rhone-alpes\u00a0\u00bb link_option_url_new_window=\u00a0\u00bbon\u00a0\u00bb global_colors_info=\u00a0\u00bb{}\u00a0\u00bb][\/wdcl_image_carousel_child][wdcl_image_carousel_child admin_title=\u00a0\u00bbtoyboard\u00a0\u00bb photo=\u00a0\u00bbhttps:\/\/www.lespetitsbaroudeurs.com\/evenements\/wp-content\/uploads\/2024\/04\/logos-partenaires-site-web-events2.png\u00a0\u00bb _builder_version=\u00a0\u00bb4.23.4&Prime; _module_preset=\u00a0\u00bbdefault\u00a0\u00bb link_option_url=\u00a0\u00bbhttps:\/\/www.toyboard.fr\/fr\/\u00a0\u00bb link_option_url_new_window=\u00a0\u00bbon\u00a0\u00bb global_colors_info=\u00a0\u00bb{}\u00a0\u00bb][\/wdcl_image_carousel_child][\/wdcl_image_carousel][\/et_pb_column][\/et_pb_row][\/et_pb_section][et_pb_section fb_built=\u00a0\u00bb1&Prime; admin_label=\u00a0\u00bbInscription NL\u00a0\u00bb module_id=\u00a0\u00bbnlmontagne\u00a0\u00bb _builder_version=\u00a0\u00bb4.23.1&Prime; _module_preset=\u00a0\u00bbdefault\u00a0\u00bb background_color=\u00a0\u00bb#C66D44&Prime; background_enable_image=\u00a0\u00bboff\u00a0\u00bb min_height=\u00a0\u00bb100px\u00a0\u00bb min_height_tablet=\u00a0\u00bb100px\u00a0\u00bb min_height_phone=\u00a0\u00bb100px\u00a0\u00bb min_height_last_edited=\u00a0\u00bbon|phone\u00a0\u00bb custom_margin=\u00a0\u00bb0px||0px||false|false\u00a0\u00bb custom_margin_tablet=\u00a0\u00bb0px||0px||false|false\u00a0\u00bb custom_margin_phone=\u00a0\u00bb||||false|false\u00a0\u00bb custom_margin_last_edited=\u00a0\u00bbon|phone\u00a0\u00bb custom_padding=\u00a0\u00bb20px||20px||false|false\u00a0\u00bb global_module=\u00a0\u00bb369&Prime; saved_tabs=\u00a0\u00bball\u00a0\u00bb global_colors_info=\u00a0\u00bb{}\u00a0\u00bb][et_pb_row _builder_version=\u00a0\u00bb4.23.1&Prime; _module_preset=\u00a0\u00bbdefault\u00a0\u00bb background_image=\u00a0\u00bbhttps:\/\/www.lespetitsbaroudeurs.com\/evenements\/wp-content\/uploads\/2023\/11\/BG-Doodles-sans-fond-NL.png\u00a0\u00bb custom_margin=\u00a0\u00bb0px||0px||false|false\u00a0\u00bb custom_padding=\u00a0\u00bb0px||0px||false|false\u00a0\u00bb global_colors_info=\u00a0\u00bb{}\u00a0\u00bb][et_pb_column type=\u00a0\u00bb4_4&Prime; _builder_version=\u00a0\u00bb4.23.1&Prime; _module_preset=\u00a0\u00bbdefault\u00a0\u00bb global_colors_info=\u00a0\u00bb{}\u00a0\u00bb][et_pb_text _builder_version=\u00a0\u00bb4.23.1&Prime; _module_preset=\u00a0\u00bbdefault\u00a0\u00bb text_font_size=\u00a0\u00bb22px\u00a0\u00bb text_line_height=\u00a0\u00bb1.2em\u00a0\u00bb header_2_text_color=\u00a0\u00bb#8bad8a\u00a0\u00bb custom_margin=\u00a0\u00bb20px||3px||false|false\u00a0\u00bb custom_margin_tablet=\u00a0\u00bb\u00a0\u00bb custom_margin_phone=\u00a0\u00bb||0px||false|false\u00a0\u00bb custom_margin_last_edited=\u00a0\u00bbon|desktop\u00a0\u00bb custom_padding=\u00a0\u00bb0px||||false|false\u00a0\u00bb text_font_size_tablet=\u00a0\u00bb21px\u00a0\u00bb text_font_size_phone=\u00a0\u00bb17px\u00a0\u00bb text_font_size_last_edited=\u00a0\u00bbon|phone\u00a0\u00bb global_colors_info=\u00a0\u00bb{}\u00a0\u00bb]<\/p>\n<p style=\"text-align: center;\"><span style=\"color: #ffffff;\">Pour recevoir les infos, inscrivez-vous \u00e0 la newsletter :<\/span><\/p>\n<p>[\/et_pb_text][et_pb_code _builder_version=\u00a0\u00bb4.23.1&Prime; _module_preset=\u00a0\u00bbdefault\u00a0\u00bb text_orientation=\u00a0\u00bbcenter\u00a0\u00bb global_colors_info=\u00a0\u00bb{}\u00a0\u00bb]<\/p>\n<div class=\"klaviyo-form-VQSC8q\"><\/div>\n<p><!-- [et_pb_line_break_holder] -->[\/et_pb_code][\/et_pb_column][\/et_pb_row][\/et_pb_section]<\/p>\n","protected":false},"excerpt":{"rendered":"<p>tarifs et r\u00e9servationsFestival Gorges de la LoireLa billetterie en ligne du festivalOuverture de la billetterie le 21 janvier 2026 Pour recevoir un rappel par email le jour de l&rsquo;ouverture des inscriptions, les actus et bons plans de la communaut\u00e9 des Petits Baroudeurs inscrivez-vous \u00e0 la newsletterLa billetterie en ligne du festivalPour venir au Festival, inscrivez-vous [&hellip;]<\/p>\n","protected":false},"author":1,"featured_media":0,"parent":0,"menu_order":0,"comment_status":"closed","ping_status":"closed","template":"","meta":{"_et_pb_use_builder":"on","_et_pb_old_content":"","_et_gb_content_width":"","footnotes":""},"class_list":["post-58771","page","type-page","status-publish","hentry"],"_links":{"self":[{"href":"https:\/\/www.lespetitsbaroudeurs.com\/evenements\/wp-json\/wp\/v2\/pages\/58771","targetHints":{"allow":["GET"]}}],"collection":[{"href":"https:\/\/www.lespetitsbaroudeurs.com\/evenements\/wp-json\/wp\/v2\/pages"}],"about":[{"href":"https:\/\/www.lespetitsbaroudeurs.com\/evenements\/wp-json\/wp\/v2\/types\/page"}],"author":[{"embeddable":true,"href":"https:\/\/www.lespetitsbaroudeurs.com\/evenements\/wp-json\/wp\/v2\/users\/1"}],"replies":[{"embeddable":true,"href":"https:\/\/www.lespetitsbaroudeurs.com\/evenements\/wp-json\/wp\/v2\/comments?post=58771"}],"version-history":[{"count":13,"href":"https:\/\/www.lespetitsbaroudeurs.com\/evenements\/wp-json\/wp\/v2\/pages\/58771\/revisions"}],"predecessor-version":[{"id":143669,"href":"https:\/\/www.lespetitsbaroudeurs.com\/evenements\/wp-json\/wp\/v2\/pages\/58771\/revisions\/143669"}],"wp:attachment":[{"href":"https:\/\/www.lespetitsbaroudeurs.com\/evenements\/wp-json\/wp\/v2\/media?parent=58771"}],"curies":[{"name":"wp","href":"https:\/\/api.w.org\/{rel}","templated":true}]}}